{"id":1967,"date":"2020-02-24T08:34:13","date_gmt":"2020-02-24T08:34:13","guid":{"rendered":"http:\/\/connectandact.be\/?page_id=1967"},"modified":"2020-02-24T08:34:13","modified_gmt":"2020-02-24T08:34:13","slug":"schedule-multi-speaker","status":"publish","type":"page","link":"https:\/\/connectandact.be\/fr\/schedule-multi-speaker\/","title":{"rendered":"Schedule Multi Speaker"},"content":{"rendered":"<div data-elementor-type=\"wp-page\" data-elementor-id=\"1967\" class=\"elementor elementor-1967\">\n\t\t\t\t\t\t<section class=\"elementor-section elementor-top-section elementor-element elementor-element-10afce6 elementor-section-boxed elementor-section-height-default elementor-section-height-default\" data-id=\"10afce6\" data-element_type=\"section\">\n\t\t\t\t\t\t<div class=\"elementor-container elementor-column-gap-default\">\n\t\t\t\t\t<div class=\"elementor-column elementor-col-100 elementor-top-column elementor-element elementor-element-ea58e4a\" data-id=\"ea58e4a\" data-element_type=\"column\">\n\t\t\t<div class=\"elementor-widget-wrap elementor-element-populated\">\n\t\t\t\t\t\t<div class=\"elementor-element elementor-element-69c1a12 elementor-widget elementor-widget-exhibz-schedule\" data-id=\"69c1a12\" data-element_type=\"widget\" data-settings=\"{&quot;ekit_we_effect_on&quot;:&quot;none&quot;}\" data-widget_type=\"exhibz-schedule.default\">\n\t\t\t\t<div class=\"elementor-widget-container\">\n\t\t\t\t\t\n<section class=\"ts-schedule\">\n    <div class=\"container\">\n        <div class=\"row\">\n            <div class=\"col-lg-6 align-self-center wow fadeInUp\" data-wow-duration=\"1.5s\" data-wow-delay=\"400ms\">\n                <div class=\"ts-schedule-content\">\n                    <h2 class=\"column-title\">\n                        <span>SCHEDULE DETAILS<\/span>\n\t\t\t\t\t\tInformation of Event Schedules                    <\/h2>\n                    <p>\n\t\t\t\t\t\tWorld is committed to making participation in the event a harassment free experience for everyone, regardless of level of experience, gender, gender identity and expression                    <\/p>\n                <\/div>\n            <\/div>\n            <!-- col end-->\n            <div class=\"col-lg-6 wow fadeInUp\" data-wow-duration=\"1.5s\" data-wow-delay=\"500ms\">\n                <div class=\"ts-schedule-info mb-70\">\n                    <ul class=\"nav nav-tabs\" role=\"tablist\">\n\t\t\t\t\t\t\t\t\t\t\t\t\t                                <li class=\"nav-item\" role=\"presentation\">\n                                    <a class=\"active\" title=\"Room 10\"\n                                       href=\"#date1\" role=\"tab\" data-toggle=\"tab\">\n                                        <h3>Room 10<\/h3>\n\t\t\t\t\t\t\t\t\t\t                                            <span> <\/span>\n\t\t\t\t\t\t\t\t\t\t                                    <\/a>\n                                <\/li>\n\t\t\t\t\t\t\t\t\t\t\t\t\t\t\t\t\t\t\t\t\t                                <li class=\"nav-item\" role=\"presentation\">\n                                    <a title=\"Room 9\"\n                                       href=\"#date2\" role=\"tab\" data-toggle=\"tab\">\n                                        <h3>Room 9<\/h3>\n\n\t\t\t\t\t\t\t\t\t\t                                            <span> <\/span>\n\t\t\t\t\t\t\t\t\t\t                                    <\/a>\n                                <\/li>\n\t\t\t\t\t\t\t\t\t\t\t\t\t\t\t\t\t\t\t\t\t                                <li class=\"nav-item\" role=\"presentation\">\n                                    <a title=\"Room 8\"\n                                       href=\"#date3\" role=\"tab\" data-toggle=\"tab\">\n                                        <h3>Room 8<\/h3>\n\n\t\t\t\t\t\t\t\t\t\t                                            <span> <\/span>\n\t\t\t\t\t\t\t\t\t\t                                    <\/a>\n                                <\/li>\n\t\t\t\t\t\t\t\t\t\t\t\t\t\t                    <\/ul>\n                    <!-- Tab panes -->\n                <\/div>\n            <\/div>\n            <!-- col end-->\n        <\/div>\n        <!-- row end-->\n        <div class=\"row\">\n            <div class=\"col-lg-12\">\n                <div class=\"tab-content schedule-tabs\">\n\t\t\t\t\t\t\t\t\t\t\t                            <div role=\"tabpanel\" class=\"test tab-pane active\"\n                                 id=\"date1\"\n                                 aria-labelledby=\"date1-tab\">\n\t\t\t\t\t\t\t\t                                    <!--schedule-listing Start -->\n                                    <div class=\"schedule-listing multi-schedule-list\">\n                                        <div class=\"schedule-slot-time\">\n                                            <span> 10h30-11h45 <\/span>\n                                        <\/div>\n                                        <div class=\"schedule-slot-info\">\n                                            <div class=\"schedule-slot-info-content\">\n                                              <div class=\"badges-container\">\n                                              <span class=\"badge badge-type\"><i class=\"icon icon-clipboard\"><\/i>Session interactive<\/span><span class=\"badge badge-audience\"><i class=\"icon icon-users\"><\/i>Tous<\/span><span class=\"badge badge-language\"><i class=\"icon icon-globe\"><\/i>nl<\/span>                                              <\/div>\n                                                <h3 class=\"schedule-slot-title\">\n\t\t\t\t\t\t\t\t\t\t\t\t\tQuand les \u00e9checs deviennent des apprentissages : regards crois\u00e9s sur le b\u00e9n\u00e9volat                                                <\/h3>\n                                                <p>\n\t\t\t\t\t\t\t\t\t\t\t\t\t<span>Dans ce fishbowl interactif, nous explorons ce qui peut mal se passer dans le b\u00e9n\u00e9volat, partageons des exp\u00e9riences et recueillons des id\u00e9es pour mieux soutenir les b\u00e9n\u00e9voles. Une session participative, riche en situations famili\u00e8res et en conseils pratiques.<\/span>                                                <\/p>\n\t\t\t\t\t\t\t\t\t\t\t\t                                                    <div class=\"single-speaker-2\">\n\t\t\t\t\t\t\t\t\t\t\t\t\t\t                                                            <div class=\"speaker-content\">\n                                                                <a href=\"https:\/\/connectandact.be\/fr\/speakers\/evelyne-scholler\/\">\n\t\t\t\t\t\t\t\t\t\t\t\t\t\t\t\t\t<img decoding=\"async\" width=\"150\" height=\"150\" src=\"https:\/\/connectandact.be\/wp-content\/uploads\/2024\/12\/Evelyne-Scholler-ToolBox-150x150.png\" class=\"schedule-slot-speakers\" alt=\"\" srcset=\"https:\/\/connectandact.be\/wp-content\/uploads\/2024\/12\/Evelyne-Scholler-ToolBox-150x150.png 150w, https:\/\/connectandact.be\/wp-content\/uploads\/2024\/12\/Evelyne-Scholler-ToolBox-600x600.png 600w, https:\/\/connectandact.be\/wp-content\/uploads\/2024\/12\/Evelyne-Scholler-ToolBox-300x300.png 300w\" sizes=\"(max-width: 150px) 100vw, 150px\" \/>                                                                <\/a>\n                                                                <p class=\"schedule-speaker\">Evelyne Sch\u00f6ller<\/p>\n                                                            <\/div>\n\n\t\t\t\t\t\t\t\t\t\t\t\t\t\t                                                    <\/div>\n\n\t\t\t\t\t\t\t\t\t\t\t\t                                            <\/div>\n                                            <!--Info content end -->\n                                        <\/div>\n                                        <!-- Slot info end -->\n                                    <\/div>\n\t\t\t\t\t\t\t\t                                    <!--schedule-listing Start -->\n                                    <div class=\"schedule-listing multi-schedule-list\">\n                                        <div class=\"schedule-slot-time\">\n                                            <span> 13h00-14h15 <\/span>\n                                        <\/div>\n                                        <div class=\"schedule-slot-info\">\n                                            <div class=\"schedule-slot-info-content\">\n                                              <div class=\"badges-container\">\n                                              <span class=\"badge badge-type\"><i class=\"icon icon-clipboard\"><\/i>Session interactive<\/span><span class=\"badge badge-audience\"><i class=\"icon icon-users\"><\/i>Tous<\/span><span class=\"badge badge-language\"><i class=\"icon icon-globe\"><\/i>nl<\/span>                                              <\/div>\n                                                <h3 class=\"schedule-slot-title\">\n\t\t\t\t\t\t\t\t\t\t\t\t\tFishbowl \u2013 Motivation, plaisir et reconnaissance : bien prendre soin de l\u2019engagement b\u00e9n\u00e9vole                                                <\/h3>\n                                                <p>\n\t\t\t\t\t\t\t\t\t\t\t\t\t<span>Dans ce fishbowl interactif, nous explorons ce qui motiver les b\u00e9n\u00e9voles, comment le plaisir et la reconnaissance renforcent leur engagement, et ce que les organisations peuvent mettre en place pour bien prendre soin de leurs b\u00e9n\u00e9voles. Une session dynamique, riche en \u00e9changes et en situations famili\u00e8res.<\/span>                                                <\/p>\n\t\t\t\t\t\t\t\t\t\t\t\t                                                    <div class=\"single-speaker-2\">\n\t\t\t\t\t\t\t\t\t\t\t\t\t\t                                                            <div class=\"speaker-content\">\n                                                                <a href=\"https:\/\/connectandact.be\/fr\/speakers\/evelyne-scholler\/\">\n\t\t\t\t\t\t\t\t\t\t\t\t\t\t\t\t\t<img decoding=\"async\" width=\"150\" height=\"150\" src=\"https:\/\/connectandact.be\/wp-content\/uploads\/2024\/12\/Evelyne-Scholler-ToolBox-150x150.png\" class=\"schedule-slot-speakers\" alt=\"\" srcset=\"https:\/\/connectandact.be\/wp-content\/uploads\/2024\/12\/Evelyne-Scholler-ToolBox-150x150.png 150w, https:\/\/connectandact.be\/wp-content\/uploads\/2024\/12\/Evelyne-Scholler-ToolBox-600x600.png 600w, https:\/\/connectandact.be\/wp-content\/uploads\/2024\/12\/Evelyne-Scholler-ToolBox-300x300.png 300w\" sizes=\"(max-width: 150px) 100vw, 150px\" \/>                                                                <\/a>\n                                                                <p class=\"schedule-speaker\">Evelyne Sch\u00f6ller<\/p>\n                                                            <\/div>\n\n\t\t\t\t\t\t\t\t\t\t\t\t\t\t                                                    <\/div>\n\n\t\t\t\t\t\t\t\t\t\t\t\t                                            <\/div>\n                                            <!--Info content end -->\n                                        <\/div>\n                                        <!-- Slot info end -->\n                                    <\/div>\n\t\t\t\t\t\t\t\t                                <!--schedule-listing end -->\n                            <\/div>\n\t\t\t\t\t\t\t\t\t\t\t\t\t\t\t\t\t\t                            <div role=\"tabpanel\" class=\"tab-pane\" id=\"date2\"\n                                 aria-labelledby=\"date2-tab\">\n\t\t\t\t\t\t\t\t                                    <!--schedule-listing Start -->\n                                    <div class=\"schedule-listing multi-schedule-list\">\n                                        <div class=\"schedule-slot-time\">\n                                            <span> 10h30-11h45 <\/span>\n                                        <\/div>\n                                        <div class=\"schedule-slot-info\">\n                                            <div class=\"schedule-slot-info-content\">\n                                              <div class=\"badges-container\">\n                                                <span class=\"badge badge-type\"><i class=\"icon icon-clipboard\"><\/i>Session interactive<\/span><span class=\"badge badge-audience\"><i class=\"icon icon-users\"><\/i>Tous<\/span><span class=\"badge badge-language\"><i class=\"icon icon-globe\"><\/i>fr<\/span>                                                <\/div>\n                                                <h3 class=\"schedule-slot-title\">\n\t\t\t\t\t\t\t\t\t\t\t\t\tQuand les \u00e9checs deviennent des apprentissages : regards crois\u00e9s sur le b\u00e9n\u00e9volat                                                <\/h3>\n                                                <p>\n\t\t\t\t\t\t\t\t\t\t\t\t\t<span>Dans ce fishbowl interactif, nous explorons ce qui peut mal se passer dans le b\u00e9n\u00e9volat, partageons des exp\u00e9riences et recueillons des id\u00e9es pour mieux soutenir les b\u00e9n\u00e9voles. Une session participative, riche en situations famili\u00e8res et en conseils pratiques.<\/span>                                                <\/p>\n\t\t\t\t\t\t\t\t\t\t\t\t                                                    <div class=\"single-speaker\">\n                                                        <a href=\"https:\/\/connectandact.be\/fr\/speakers\/ariane-molderez\/\">\n\t\t\t\t\t\t\t\t\t\t\t\t\t\t\t<img decoding=\"async\" width=\"150\" height=\"150\" src=\"https:\/\/connectandact.be\/wp-content\/uploads\/2026\/01\/Ariane-Molderez-photo-150x150.png\" class=\"schedule-slot-speakers\" alt=\"\" srcset=\"https:\/\/connectandact.be\/wp-content\/uploads\/2026\/01\/Ariane-Molderez-photo-150x150.png 150w, https:\/\/connectandact.be\/wp-content\/uploads\/2026\/01\/Ariane-Molderez-photo-11x12.png 11w, https:\/\/connectandact.be\/wp-content\/uploads\/2026\/01\/Ariane-Molderez-photo-600x600.png 600w, https:\/\/connectandact.be\/wp-content\/uploads\/2026\/01\/Ariane-Molderez-photo-300x300.png 300w\" sizes=\"(max-width: 150px) 100vw, 150px\" \/>                                                        <\/a>\n                                                        <p class=\"schedule-speaker\">Ariane Molderez<\/p>\n                                                    <\/div>\n\t\t\t\t\t\t\t\t\t\t\t\t                                            <\/div>\n                                            <!--Info content end -->\n                                        <\/div>\n                                        <!-- Slot info end -->\n                                    <\/div>\n\t\t\t\t\t\t\t\t                                    <!--schedule-listing Start -->\n                                    <div class=\"schedule-listing multi-schedule-list\">\n                                        <div class=\"schedule-slot-time\">\n                                            <span> 13h00-14h15 <\/span>\n                                        <\/div>\n                                        <div class=\"schedule-slot-info\">\n                                            <div class=\"schedule-slot-info-content\">\n                                              <div class=\"badges-container\">\n                                                <span class=\"badge badge-type\"><i class=\"icon icon-clipboard\"><\/i>Session d'expert<\/span><span class=\"badge badge-audience\"><i class=\"icon icon-users\"><\/i>ONG<\/span><span class=\"badge badge-language\"><i class=\"icon icon-globe\"><\/i>fr<\/span>                                                <\/div>\n                                                <h3 class=\"schedule-slot-title\">\n\t\t\t\t\t\t\t\t\t\t\t\t\tGouvernance : comment attirer et motiver les administrateurs (volontaires) ?                                                <\/h3>\n                                                <p>\n\t\t\t\t\t\t\t\t\t\t\t\t\t<span>Comment trouver de nouveaux administrateurs qui correspondent vraiment \u00e0 votre organisation\u202f? Dans cet atelier, vous apprendrez \u00e0 d\u00e9finir un profil clair, chercher de mani\u00e8re cibl\u00e9e, formuler des arguments convaincants et contacter les bonnes personnes via votre r\u00e9seau.\n\nLa session se termine par des conseils pratiques pour une int\u00e9gration fluide et motivante. Un atelier compact et concret, rempli d\u2019id\u00e9es directement applicables.<\/span>                                                <\/p>\n\t\t\t\t\t\t\t\t\t\t\t\t                                                    <div class=\"single-speaker-2\">\n\t\t\t\t\t\t\t\t\t\t\t\t\t\t                                                            <div class=\"speaker-content\">\n                                                                <a href=\"https:\/\/connectandact.be\/fr\/speakers\/caroline-thijssen\/\">\n\t\t\t\t\t\t\t\t\t\t\t\t\t\t\t\t\t<img decoding=\"async\" width=\"150\" height=\"150\" src=\"https:\/\/connectandact.be\/wp-content\/uploads\/2026\/02\/Caroline-Thijssen-Seewhy-150x150.png\" class=\"schedule-slot-speakers\" alt=\"\" srcset=\"https:\/\/connectandact.be\/wp-content\/uploads\/2026\/02\/Caroline-Thijssen-Seewhy-150x150.png 150w, https:\/\/connectandact.be\/wp-content\/uploads\/2026\/02\/Caroline-Thijssen-Seewhy-600x600.png 600w, https:\/\/connectandact.be\/wp-content\/uploads\/2026\/02\/Caroline-Thijssen-Seewhy-300x300.png 300w\" sizes=\"(max-width: 150px) 100vw, 150px\" \/>                                                                <\/a>\n                                                                <p class=\"schedule-speaker\">Caroline Thijssen<\/p>\n                                                            <\/div>\n\n\t\t\t\t\t\t\t\t\t\t\t\t\t\t                                                            <div class=\"speaker-content\">\n                                                                <a href=\"https:\/\/connectandact.be\/fr\/speakers\/cecile-vennat\/\">\n\t\t\t\t\t\t\t\t\t\t\t\t\t\t\t\t\t<img loading=\"lazy\" decoding=\"async\" width=\"150\" height=\"150\" src=\"https:\/\/connectandact.be\/wp-content\/uploads\/2024\/12\/Cecile-Vennat-ToolBox-150x150.png\" class=\"schedule-slot-speakers\" alt=\"\" srcset=\"https:\/\/connectandact.be\/wp-content\/uploads\/2024\/12\/Cecile-Vennat-ToolBox-150x150.png 150w, https:\/\/connectandact.be\/wp-content\/uploads\/2024\/12\/Cecile-Vennat-ToolBox-600x600.png 600w, https:\/\/connectandact.be\/wp-content\/uploads\/2024\/12\/Cecile-Vennat-ToolBox-300x300.png 300w\" sizes=\"(max-width: 150px) 100vw, 150px\" \/>                                                                <\/a>\n                                                                <p class=\"schedule-speaker\">C\u00e9cile Vennat<\/p>\n                                                            <\/div>\n\n\t\t\t\t\t\t\t\t\t\t\t\t\t\t                                                    <\/div>\n\n\t\t\t\t\t\t\t\t\t\t\t\t                                            <\/div>\n                                            <!--Info content end -->\n                                        <\/div>\n                                        <!-- Slot info end -->\n                                    <\/div>\n\t\t\t\t\t\t\t\t                                    <!--schedule-listing Start -->\n                                    <div class=\"schedule-listing multi-schedule-list\">\n                                        <div class=\"schedule-slot-time\">\n                                            <span> 14h45-16h00 <\/span>\n                                        <\/div>\n                                        <div class=\"schedule-slot-info\">\n                                            <div class=\"schedule-slot-info-content\">\n                                              <div class=\"badges-container\">\n                                                <span class=\"badge badge-type\"><i class=\"icon icon-clipboard\"><\/i>Session interactive<\/span><span class=\"badge badge-audience\"><i class=\"icon icon-users\"><\/i>Tous<\/span><span class=\"badge badge-language\"><i class=\"icon icon-globe\"><\/i>fr<\/span>                                                <\/div>\n                                                <h3 class=\"schedule-slot-title\">\n\t\t\t\t\t\t\t\t\t\t\t\t\tFishbowl - Prendre soin de l\u2019engagement b\u00e9n\u00e9vole : motivation, plaisir et reconnaissance                                                <\/h3>\n                                                <p>\n\t\t\t\t\t\t\t\t\t\t\t\t\t<span>Dans ce fishbowl interactif, nous explorons ce qui motiver les b\u00e9n\u00e9voles, comment le plaisir et la reconnaissance renforcent leur engagement, et ce que les organisations peuvent mettre en place pour bien prendre soin de leurs b\u00e9n\u00e9voles. Une session dynamique, riche en \u00e9changes et en situations famili\u00e8res.<\/span>                                                <\/p>\n\t\t\t\t\t\t\t\t\t\t\t\t                                                    <div class=\"single-speaker\">\n                                                        <a href=\"https:\/\/connectandact.be\/fr\/speakers\/ariane-molderez\/\">\n\t\t\t\t\t\t\t\t\t\t\t\t\t\t\t<img decoding=\"async\" width=\"150\" height=\"150\" src=\"https:\/\/connectandact.be\/wp-content\/uploads\/2026\/01\/Ariane-Molderez-photo-150x150.png\" class=\"schedule-slot-speakers\" alt=\"\" srcset=\"https:\/\/connectandact.be\/wp-content\/uploads\/2026\/01\/Ariane-Molderez-photo-150x150.png 150w, https:\/\/connectandact.be\/wp-content\/uploads\/2026\/01\/Ariane-Molderez-photo-11x12.png 11w, https:\/\/connectandact.be\/wp-content\/uploads\/2026\/01\/Ariane-Molderez-photo-600x600.png 600w, https:\/\/connectandact.be\/wp-content\/uploads\/2026\/01\/Ariane-Molderez-photo-300x300.png 300w\" sizes=\"(max-width: 150px) 100vw, 150px\" \/>                                                        <\/a>\n                                                        <p class=\"schedule-speaker\">Ariane Molderez<\/p>\n                                                    <\/div>\n\t\t\t\t\t\t\t\t\t\t\t\t                                            <\/div>\n                                            <!--Info content end -->\n                                        <\/div>\n                                        <!-- Slot info end -->\n                                    <\/div>\n\t\t\t\t\t\t\t\t                                <!--schedule-listing end -->\n                            <\/div>\n\t\t\t\t\t\t\t\t\t\t\t\t\t\t\t\t\t\t                            <div role=\"tabpanel\" class=\"tab-pane\" id=\"date3\"\n                                 aria-labelledby=\"date3-tab\">\n\t\t\t\t\t\t\t\t                                    <!--schedule-listing Start -->\n                                    <div class=\"schedule-listing multi-schedule-list\">\n                                        <div class=\"schedule-slot-time\">\n                                            <span> 10h30-11h45 <\/span>\n                                        <\/div>\n                                        <div class=\"schedule-slot-info\">\n                                            <div class=\"schedule-slot-info-content\">\n                                              <div class=\"badges-container\">\n                                                <span class=\"badge badge-type\"><i class=\"icon icon-clipboard\"><\/i>Session d'expert<\/span><span class=\"badge badge-audience\"><i class=\"icon icon-users\"><\/i>ONG<\/span><span class=\"badge badge-language\"><i class=\"icon icon-globe\"><\/i>nl<\/span>                                                <\/div>\n                                                <h3 class=\"schedule-slot-title\">\n\t\t\t\t\t\t\t\t\t\t\t\t\tCollecte de fonds : comment impliquer et mobiliser les b\u00e9n\u00e9voles ?                                                <\/h3>\n                                                <p>\n\t\t\t\t\t\t\t\t\t\t\t\t\t<span>De nombreuses organisations ne seraient pas ce qu\u2019elles sont aujourd\u2019hui sans l\u2019engagement de nombreux b\u00e9n\u00e9voles. Dans cette session, \u00e0 partir de son exp\u00e9rience au sein d\u2019organisations anim\u00e9es par des b\u00e9n\u00e9voles (et en tant que b\u00e9n\u00e9vole lui-m\u00eame), Jeroen explore l\u2019importance d\u2019une gestion moderne des b\u00e9n\u00e9voles, comment les mobiliser positivement comme collecteurs de fonds et quel peut \u00eatre l\u2019impact r\u00e9el sur votre organisation.<\/span>                                                <\/p>\n\t\t\t\t\t\t\t\t\t\t\t\t                                                    <div class=\"single-speaker\">\n                                                        <a href=\"https:\/\/connectandact.be\/fr\/speakers\/jeroen-brugge\/\">\n\t\t\t\t\t\t\t\t\t\t\t\t\t\t\t<img loading=\"lazy\" decoding=\"async\" width=\"150\" height=\"150\" src=\"https:\/\/connectandact.be\/wp-content\/uploads\/2026\/01\/Jeroen-Brugge-150x150.jpg\" class=\"schedule-slot-speakers\" alt=\"\" srcset=\"https:\/\/connectandact.be\/wp-content\/uploads\/2026\/01\/Jeroen-Brugge-150x150.jpg 150w, https:\/\/connectandact.be\/wp-content\/uploads\/2026\/01\/Jeroen-Brugge-300x300.jpg 300w, https:\/\/connectandact.be\/wp-content\/uploads\/2026\/01\/Jeroen-Brugge-12x12.jpg 12w, https:\/\/connectandact.be\/wp-content\/uploads\/2026\/01\/Jeroen-Brugge.jpg 450w\" sizes=\"(max-width: 150px) 100vw, 150px\" \/>                                                        <\/a>\n                                                        <p class=\"schedule-speaker\">Jeroen Brugge<\/p>\n                                                    <\/div>\n\t\t\t\t\t\t\t\t\t\t\t\t                                            <\/div>\n                                            <!--Info content end -->\n                                        <\/div>\n                                        <!-- Slot info end -->\n                                    <\/div>\n\t\t\t\t\t\t\t\t                                    <!--schedule-listing Start -->\n                                    <div class=\"schedule-listing multi-schedule-list\">\n                                        <div class=\"schedule-slot-time\">\n                                            <span> 13h00-14h15 <\/span>\n                                        <\/div>\n                                        <div class=\"schedule-slot-info\">\n                                            <div class=\"schedule-slot-info-content\">\n                                              <div class=\"badges-container\">\n                                                <span class=\"badge badge-type\"><i class=\"icon icon-clipboard\"><\/i>Session d'expert<\/span><span class=\"badge badge-audience\"><i class=\"icon icon-users\"><\/i>Organisations fa\u00eeti\u00e8res d\u2019ASBL<\/span><span class=\"badge badge-language\"><i class=\"icon icon-globe\"><\/i>nl<\/span>                                                <\/div>\n                                                <h3 class=\"schedule-slot-title\">\n\t\t\t\t\t\t\t\t\t\t\t\t\tGouvernance : comment attirer et motiver les administrateurs (b\u00e9n\u00e9voles) ?                                                <\/h3>\n                                                <p>\n\t\t\t\t\t\t\t\t\t\t\t\t\t<span>M\u00eame les ASBL avec une mission et une vision fortes ont parfois du mal \u00e0 trouver des administrateurs motiv\u00e9s et talentueux. Mais le probl\u00e8me vient-il vraiment \u00ab\u202fdes personnes d\u2019aujourd\u2019hui\u202f\u00bb ou de la mani\u00e8re dont nous organisons notre gouvernance\u202f?\n\nDans cette session, vous serez invit\u00e9\u00b7e \u00e0 changer de perspective\u202f: ne pas seulement vous demander qui vous voulez ou de qui vous avez besoin, mais aussi quelles opportunit\u00e9s vous offrez et quel impact vos administrateurs peuvent avoir. Vous d\u00e9couvrirez pourquoi les approches classiques de recrutement \u00e9chouent, quelles adaptations concr\u00e8tes peuvent faire la diff\u00e9rence, comment rendre la fonction d\u2019administrateur r\u00e9ellement attractive et transformer ce r\u00f4le d\u2019une obligation en v\u00e9ritable opportunit\u00e9 d\u2019impact.\n\nCette session compacte et inspirante offre des insights et plans d\u2019action directement applicables, pour les ASBL qui veulent rendre leur conseil d\u2019administration durable et tourn\u00e9 vers l\u2019avenir.<\/span>                                                <\/p>\n\t\t\t\t\t\t\t\t\t\t\t\t                                                    <div class=\"single-speaker\">\n                                                        <a href=\"https:\/\/connectandact.be\/fr\/speakers\/philip-verhaeghe\/\">\n\t\t\t\t\t\t\t\t\t\t\t\t\t\t\t<img loading=\"lazy\" decoding=\"async\" width=\"150\" height=\"150\" src=\"https:\/\/connectandact.be\/wp-content\/uploads\/2026\/01\/Verhaeghe-Philip-150x150.jpg\" class=\"schedule-slot-speakers\" alt=\"\" srcset=\"https:\/\/connectandact.be\/wp-content\/uploads\/2026\/01\/Verhaeghe-Philip-150x150.jpg 150w, https:\/\/connectandact.be\/wp-content\/uploads\/2026\/01\/Verhaeghe-Philip-13x12.jpg 13w, https:\/\/connectandact.be\/wp-content\/uploads\/2026\/01\/Verhaeghe-Philip-600x600.jpg 600w, https:\/\/connectandact.be\/wp-content\/uploads\/2026\/01\/Verhaeghe-Philip-300x300.jpg 300w\" sizes=\"(max-width: 150px) 100vw, 150px\" \/>                                                        <\/a>\n                                                        <p class=\"schedule-speaker\">Philip Verhaeghe<\/p>\n                                                    <\/div>\n\t\t\t\t\t\t\t\t\t\t\t\t                                            <\/div>\n                                            <!--Info content end -->\n                                        <\/div>\n                                        <!-- Slot info end -->\n                                    <\/div>\n\t\t\t\t\t\t\t\t                                    <!--schedule-listing Start -->\n                                    <div class=\"schedule-listing multi-schedule-list\">\n                                        <div class=\"schedule-slot-time\">\n                                            <span> 14h45-16h00 <\/span>\n                                        <\/div>\n                                        <div class=\"schedule-slot-info\">\n                                            <div class=\"schedule-slot-info-content\">\n                                              <div class=\"badges-container\">\n                                                <span class=\"badge badge-type\"><i class=\"icon icon-clipboard\"><\/i>Session d'expert<\/span><span class=\"badge badge-audience\"><i class=\"icon icon-users\"><\/i>Organisations fa\u00eeti\u00e8res d\u2019ASBL<\/span><span class=\"badge badge-audience\"><i class=\"icon icon-users\"><\/i>ONG<\/span><span class=\"badge badge-audience\"><i class=\"icon icon-users\"><\/i>Villes \/ communes<\/span><span class=\"badge badge-language\"><i class=\"icon icon-globe\"><\/i>nl<\/span>                                                <\/div>\n                                                <h3 class=\"schedule-slot-title\">\n\t\t\t\t\t\t\t\t\t\t\t\t\tDe nouveaux besoins en mati\u00e8re de b\u00e9n\u00e9volat exigent de nouvelles organisations. En 5 \u00e9tapes vers un mod\u00e8le de b\u00e9n\u00e9volat futur-proof (prolong\u00e9 en raison du succ\u00e8s)                                                <\/h3>\n                                                <p>\n\t\t\t\t\t\t\t\t\t\t\t\t\t<span>Si nous voulons saisir l'engagement des citoyens, nous devons mettre en place d'autres formes d'organisations. De nouvelles structures qui permettent aux citoyens de s'\u00e9panouir dans leur engagement solidaire, o\u00f9 leur exp\u00e9rience fait sens, est propice \u00e0 la connexion, et o\u00f9 ils peuvent d\u00e9terminer eux-m\u00eames leur implication. Nous devons donc oser changer de cap et devenir les architectes de ces nouvelles formes organisationnelles. Hitch vous guidera \u00e0 travers 5 piliers essentiels qui posent les bases d'un travail b\u00e9n\u00e9vole tourn\u00e9 vers l'avenir, adapt\u00e9 aux b\u00e9n\u00e9voles d'aujourd'hui et \u00e0 l'engagement pour lequel les gens sont pr\u00eats \u00e0 s'investir.<\/span>                                                <\/p>\n\t\t\t\t\t\t\t\t\t\t\t\t                                                    <div class=\"single-speaker\">\n                                                        <a href=\"https:\/\/connectandact.be\/fr\/speakers\/joline-willaert\/\">\n\t\t\t\t\t\t\t\t\t\t\t\t\t\t\t<img loading=\"lazy\" decoding=\"async\" width=\"150\" height=\"150\" src=\"https:\/\/connectandact.be\/wp-content\/uploads\/2026\/02\/Joline-Willaert-Hitch-150x150.png\" class=\"schedule-slot-speakers\" alt=\"\" srcset=\"https:\/\/connectandact.be\/wp-content\/uploads\/2026\/02\/Joline-Willaert-Hitch-150x150.png 150w, https:\/\/connectandact.be\/wp-content\/uploads\/2026\/02\/Joline-Willaert-Hitch-600x600.png 600w, https:\/\/connectandact.be\/wp-content\/uploads\/2026\/02\/Joline-Willaert-Hitch-300x300.png 300w\" sizes=\"(max-width: 150px) 100vw, 150px\" \/>                                                        <\/a>\n                                                        <p class=\"schedule-speaker\">Joline Willaert<\/p>\n                                                    <\/div>\n\t\t\t\t\t\t\t\t\t\t\t\t                                            <\/div>\n                                            <!--Info content end -->\n                                        <\/div>\n                                        <!-- Slot info end -->\n                                    <\/div>\n\t\t\t\t\t\t\t\t                                <!--schedule-listing end -->\n                            <\/div>\n\t\t\t\t\t\t\t\t\t\t\t\t                <\/div>\n            <\/div>\n        <\/div>\n    <\/div>\n    <!-- container end-->\n<\/section>\n\t\t\t\t<\/div>\n\t\t\t\t<\/div>\n\t\t\t\t\t<\/div>\n\t\t<\/div>\n\t\t\t\t\t<\/div>\n\t\t<\/section>\n\t\t\t\t<section class=\"elementor-section elementor-top-section elementor-element elementor-element-a073353 elementor-section-boxed elementor-section-height-default elementor-section-height-default\" data-id=\"a073353\" data-element_type=\"section\" data-settings=\"{&quot;background_background&quot;:&quot;classic&quot;}\">\n\t\t\t\t\t\t\t<div class=\"elementor-background-overlay\"><\/div>\n\t\t\t\t\t\t\t<div class=\"elementor-container elementor-column-gap-default\">\n\t\t\t\t\t<div class=\"elementor-column elementor-col-100 elementor-top-column elementor-element elementor-element-9c95387\" data-id=\"9c95387\" data-element_type=\"column\">\n\t\t\t<div class=\"elementor-widget-wrap elementor-element-populated\">\n\t\t\t\t\t\t<div class=\"elementor-element elementor-element-2a7a9a2 elementor-widget elementor-widget-exhibz-title\" data-id=\"2a7a9a2\" data-element_type=\"widget\" data-settings=\"{&quot;ekit_we_effect_on&quot;:&quot;none&quot;}\" data-widget_type=\"exhibz-title.default\">\n\t\t\t\t<div class=\"elementor-widget-container\">\n\t\t\t\t\t\n    <div class=\"title-section-area\">\n        <h2 class=\"section-title\">\n            <span class=\"sub-title\">HURRY UP!<\/span>\n\t\t\tBook your Seat        <\/h2>\n\t\t                    <span class=\"title-shape\">\n                  <svg xmlns='http:\/\/www.w3.org\/2000\/svg' xmlns:xlink='http:\/\/www.w3.org\/1999\/xlink' width='71px' height='11px'> <path fill-rule='evenodd' d='M59.669,10.710 L49.164,3.306 L39.428,10.681 L29.714,3.322 L20.006,10.682 L10.295,3.322 L1.185,10.228 L-0.010,8.578 L10.295,0.765 L20.006,8.125 L29.714,0.765 L39.428,8.125 L49.122,0.781 L59.680,8.223 L69.858,1.192 L70.982,2.895 L59.669,10.710 Z'\/><\/svg>\n            <\/span>\n                    <\/div><!-- Section title -->\n    \n    \n\n    \t\t\t\t<\/div>\n\t\t\t\t<\/div>\n\t\t\t\t<div class=\"elementor-element elementor-element-09bff77 elementor-align-center elementor-widget elementor-widget-button\" data-id=\"09bff77\" data-element_type=\"widget\" data-settings=\"{&quot;ekit_we_effect_on&quot;:&quot;none&quot;}\" data-widget_type=\"button.default\">\n\t\t\t\t<div class=\"elementor-widget-container\">\n\t\t\t\t\t\t\t\t\t<div class=\"elementor-button-wrapper\">\n\t\t\t\t\t<a class=\"elementor-button elementor-button-link elementor-size-md\" href=\"#\">\n\t\t\t\t\t\t<span class=\"elementor-button-content-wrapper\">\n\t\t\t\t\t\t\t\t\t<span class=\"elementor-button-text\">Buy Ticket<\/span>\n\t\t\t\t\t<\/span>\n\t\t\t\t\t<\/a>\n\t\t\t\t<\/div>\n\t\t\t\t\t\t\t\t<\/div>\n\t\t\t\t<\/div>\n\t\t\t\t\t<\/div>\n\t\t<\/div>\n\t\t\t\t\t<\/div>\n\t\t<\/section>\n\t\t\t\t<section class=\"elementor-section elementor-top-section elementor-element elementor-element-74bbbb5 ts-newsletter elementor-section-boxed elementor-section-height-default elementor-section-height-default\" data-id=\"74bbbb5\" data-element_type=\"section\">\n\t\t\t\t\t\t<div class=\"elementor-container elementor-column-gap-default\">\n\t\t\t\t\t<div class=\"elementor-column elementor-col-100 elementor-top-column elementor-element elementor-element-18169f7\" data-id=\"18169f7\" data-element_type=\"column\" data-settings=\"{&quot;background_background&quot;:&quot;classic&quot;}\">\n\t\t\t<div class=\"elementor-widget-wrap elementor-element-populated\">\n\t\t\t\t\t<div class=\"elementor-background-overlay\"><\/div>\n\t\t\t\t\t\t<div class=\"elementor-element elementor-element-89394bc elementor-widget elementor-widget-heading\" data-id=\"89394bc\" data-element_type=\"widget\" data-settings=\"{&quot;ekit_we_effect_on&quot;:&quot;none&quot;}\" data-widget_type=\"heading.default\">\n\t\t\t\t<div class=\"elementor-widget-container\">\n\t\t\t\t\t<h2 class=\"elementor-heading-title elementor-size-default\">SUBSCRIBE TO NEWSLETTER<\/h2>\t\t\t\t<\/div>\n\t\t\t\t<\/div>\n\t\t\t\t<div class=\"elementor-element elementor-element-ce5f72b elementor-widget elementor-widget-heading\" data-id=\"ce5f72b\" data-element_type=\"widget\" data-settings=\"{&quot;ekit_we_effect_on&quot;:&quot;none&quot;}\" data-widget_type=\"heading.default\">\n\t\t\t\t<div class=\"elementor-widget-container\">\n\t\t\t\t\t<h2 class=\"elementor-heading-title elementor-size-default\">Want Something Extra?<\/h2>\t\t\t\t<\/div>\n\t\t\t\t<\/div>\n\t\t\t\t\t<\/div>\n\t\t<\/div>\n\t\t\t\t\t<\/div>\n\t\t<\/section>\n\t\t\t\t<\/div>","protected":false},"excerpt":{"rendered":"<p>SCHEDULE DETAILS Information of Event Schedules World is committed to making participation in the event a harassment free experience for everyone, regardless of level of experience, gender, gender identity and expression 16th Feb Sunday 15th Feb Saturday 14th Feb Friday 09.00 &#8211; 11.30 AM Workshop Marketing Matters! How you transform your business as technology, consumer, [&hellip;]<\/p>","protected":false},"author":1,"featured_media":0,"parent":0,"menu_order":0,"comment_status":"closed","ping_status":"closed","template":"template\/full-width-template.php","meta":{"footnotes":""},"class_list":["post-1967","page","type-page","status-publish","hentry"],"yoast_head":"<!-- This site is optimized with the Yoast SEO plugin v26.7 - https:\/\/yoast.com\/wordpress\/plugins\/seo\/ -->\n<title>Schedule Multi Speaker - Connect and Act<\/title>\n<meta name=\"robots\" content=\"index, follow, max-snippet:-1, max-image-preview:large, max-video-preview:-1\" \/>\n<link rel=\"canonical\" href=\"https:\/\/connectandact.be\/fr\/schedule-multi-speaker\/\" \/>\n<meta property=\"og:locale\" content=\"fr_FR\" \/>\n<meta property=\"og:type\" content=\"article\" \/>\n<meta property=\"og:title\" content=\"Schedule Multi Speaker - Connect and Act\" \/>\n<meta property=\"og:description\" content=\"SCHEDULE DETAILS Information of Event Schedules World is committed to making participation in the event a harassment free experience for everyone, regardless of level of experience, gender, gender identity and expression 16th Feb Sunday 15th Feb Saturday 14th Feb Friday 09.00 &#8211; 11.30 AM Workshop Marketing Matters! How you transform your business as technology, consumer, [&hellip;]\" \/>\n<meta property=\"og:url\" content=\"https:\/\/connectandact.be\/fr\/schedule-multi-speaker\/\" \/>\n<meta property=\"og:site_name\" content=\"Connect and Act\" \/>\n<meta property=\"og:image\" content=\"http:\/\/connectandact.be\/wp-content\/uploads\/2018\/12\/speaker3.jpg\" \/>\n<meta name=\"twitter:card\" content=\"summary_large_image\" \/>\n<meta name=\"twitter:label1\" content=\"Dur\u00e9e de lecture est.\" \/>\n\t<meta name=\"twitter:data1\" content=\"2 minutes\" \/>\n<script type=\"application\/ld+json\" class=\"yoast-schema-graph\">{\"@context\":\"https:\/\/schema.org\",\"@graph\":[{\"@type\":\"WebPage\",\"@id\":\"https:\/\/connectandact.be\/schedule-multi-speaker\/\",\"url\":\"https:\/\/connectandact.be\/schedule-multi-speaker\/\",\"name\":\"Schedule Multi Speaker - Connect and Act\",\"isPartOf\":{\"@id\":\"https:\/\/connectandact.be\/#website\"},\"primaryImageOfPage\":{\"@id\":\"https:\/\/connectandact.be\/schedule-multi-speaker\/#primaryimage\"},\"image\":{\"@id\":\"https:\/\/connectandact.be\/schedule-multi-speaker\/#primaryimage\"},\"thumbnailUrl\":\"http:\/\/connectandact.be\/wp-content\/uploads\/2018\/12\/speaker3.jpg\",\"datePublished\":\"2020-02-24T08:34:13+00:00\",\"breadcrumb\":{\"@id\":\"https:\/\/connectandact.be\/schedule-multi-speaker\/#breadcrumb\"},\"inLanguage\":\"fr-BE\",\"potentialAction\":[{\"@type\":\"ReadAction\",\"target\":[\"https:\/\/connectandact.be\/schedule-multi-speaker\/\"]}]},{\"@type\":\"ImageObject\",\"inLanguage\":\"fr-BE\",\"@id\":\"https:\/\/connectandact.be\/schedule-multi-speaker\/#primaryimage\",\"url\":\"http:\/\/connectandact.be\/wp-content\/uploads\/2018\/12\/speaker3.jpg\",\"contentUrl\":\"http:\/\/connectandact.be\/wp-content\/uploads\/2018\/12\/speaker3.jpg\"},{\"@type\":\"BreadcrumbList\",\"@id\":\"https:\/\/connectandact.be\/schedule-multi-speaker\/#breadcrumb\",\"itemListElement\":[{\"@type\":\"ListItem\",\"position\":1,\"name\":\"Home\",\"item\":\"https:\/\/connectandact.be\/\"},{\"@type\":\"ListItem\",\"position\":2,\"name\":\"Schedule Multi Speaker\"}]},{\"@type\":\"WebSite\",\"@id\":\"https:\/\/connectandact.be\/#website\",\"url\":\"https:\/\/connectandact.be\/\",\"name\":\"Connect and Act\",\"description\":\"Nationaal congres vrijwilligerswerk en burenhulp\",\"publisher\":{\"@id\":\"https:\/\/connectandact.be\/#organization\"},\"potentialAction\":[{\"@type\":\"SearchAction\",\"target\":{\"@type\":\"EntryPoint\",\"urlTemplate\":\"https:\/\/connectandact.be\/?s={search_term_string}\"},\"query-input\":{\"@type\":\"PropertyValueSpecification\",\"valueRequired\":true,\"valueName\":\"search_term_string\"}}],\"inLanguage\":\"fr-BE\"},{\"@type\":\"Organization\",\"@id\":\"https:\/\/connectandact.be\/#organization\",\"name\":\"Connect and Act\",\"url\":\"https:\/\/connectandact.be\/\",\"logo\":{\"@type\":\"ImageObject\",\"inLanguage\":\"fr-BE\",\"@id\":\"https:\/\/connectandact.be\/#\/schema\/logo\/image\/\",\"url\":\"https:\/\/connectandact.be\/wp-content\/uploads\/2024\/10\/Connect-and-Act-1599-x-500-px.png\",\"contentUrl\":\"https:\/\/connectandact.be\/wp-content\/uploads\/2024\/10\/Connect-and-Act-1599-x-500-px.png\",\"width\":1599,\"height\":500,\"caption\":\"Connect and Act\"},\"image\":{\"@id\":\"https:\/\/connectandact.be\/#\/schema\/logo\/image\/\"}}]}<\/script>\n<!-- \/ Yoast SEO plugin. -->","yoast_head_json":{"title":"Schedule Multi Speaker - Connect and Act","robots":{"index":"index","follow":"follow","max-snippet":"max-snippet:-1","max-image-preview":"max-image-preview:large","max-video-preview":"max-video-preview:-1"},"canonical":"https:\/\/connectandact.be\/fr\/schedule-multi-speaker\/","og_locale":"fr_FR","og_type":"article","og_title":"Schedule Multi Speaker - Connect and Act","og_description":"SCHEDULE DETAILS Information of Event Schedules World is committed to making participation in the event a harassment free experience for everyone, regardless of level of experience, gender, gender identity and expression 16th Feb Sunday 15th Feb Saturday 14th Feb Friday 09.00 &#8211; 11.30 AM Workshop Marketing Matters! How you transform your business as technology, consumer, [&hellip;]","og_url":"https:\/\/connectandact.be\/fr\/schedule-multi-speaker\/","og_site_name":"Connect and Act","og_image":[{"url":"http:\/\/connectandact.be\/wp-content\/uploads\/2018\/12\/speaker3.jpg","type":"","width":"","height":""}],"twitter_card":"summary_large_image","twitter_misc":{"Dur\u00e9e de lecture est.":"2 minutes"},"schema":{"@context":"https:\/\/schema.org","@graph":[{"@type":"WebPage","@id":"https:\/\/connectandact.be\/schedule-multi-speaker\/","url":"https:\/\/connectandact.be\/schedule-multi-speaker\/","name":"Schedule Multi Speaker - Connect and Act","isPartOf":{"@id":"https:\/\/connectandact.be\/#website"},"primaryImageOfPage":{"@id":"https:\/\/connectandact.be\/schedule-multi-speaker\/#primaryimage"},"image":{"@id":"https:\/\/connectandact.be\/schedule-multi-speaker\/#primaryimage"},"thumbnailUrl":"http:\/\/connectandact.be\/wp-content\/uploads\/2018\/12\/speaker3.jpg","datePublished":"2020-02-24T08:34:13+00:00","breadcrumb":{"@id":"https:\/\/connectandact.be\/schedule-multi-speaker\/#breadcrumb"},"inLanguage":"fr-BE","potentialAction":[{"@type":"ReadAction","target":["https:\/\/connectandact.be\/schedule-multi-speaker\/"]}]},{"@type":"ImageObject","inLanguage":"fr-BE","@id":"https:\/\/connectandact.be\/schedule-multi-speaker\/#primaryimage","url":"http:\/\/connectandact.be\/wp-content\/uploads\/2018\/12\/speaker3.jpg","contentUrl":"http:\/\/connectandact.be\/wp-content\/uploads\/2018\/12\/speaker3.jpg"},{"@type":"BreadcrumbList","@id":"https:\/\/connectandact.be\/schedule-multi-speaker\/#breadcrumb","itemListElement":[{"@type":"ListItem","position":1,"name":"Home","item":"https:\/\/connectandact.be\/"},{"@type":"ListItem","position":2,"name":"Schedule Multi Speaker"}]},{"@type":"WebSite","@id":"https:\/\/connectandact.be\/#website","url":"https:\/\/connectandact.be\/","name":"Connect and Act logo","description":"Nationaal congres vrijwilligerswerk en burenhulp","publisher":{"@id":"https:\/\/connectandact.be\/#organization"},"potentialAction":[{"@type":"SearchAction","target":{"@type":"EntryPoint","urlTemplate":"https:\/\/connectandact.be\/?s={search_term_string}"},"query-input":{"@type":"PropertyValueSpecification","valueRequired":true,"valueName":"search_term_string"}}],"inLanguage":"fr-BE"},{"@type":"Organization","@id":"https:\/\/connectandact.be\/#organization","name":"Connect and Act logo","url":"https:\/\/connectandact.be\/","logo":{"@type":"ImageObject","inLanguage":"fr-BE","@id":"https:\/\/connectandact.be\/#\/schema\/logo\/image\/","url":"https:\/\/connectandact.be\/wp-content\/uploads\/2024\/10\/Connect-and-Act-1599-x-500-px.png","contentUrl":"https:\/\/connectandact.be\/wp-content\/uploads\/2024\/10\/Connect-and-Act-1599-x-500-px.png","width":1599,"height":500,"caption":"Connect and Act"},"image":{"@id":"https:\/\/connectandact.be\/#\/schema\/logo\/image\/"}}]}},"_links":{"self":[{"href":"https:\/\/connectandact.be\/fr\/wp-json\/wp\/v2\/pages\/1967","targetHints":{"allow":["GET"]}}],"collection":[{"href":"https:\/\/connectandact.be\/fr\/wp-json\/wp\/v2\/pages"}],"about":[{"href":"https:\/\/connectandact.be\/fr\/wp-json\/wp\/v2\/types\/page"}],"author":[{"embeddable":true,"href":"https:\/\/connectandact.be\/fr\/wp-json\/wp\/v2\/users\/1"}],"replies":[{"embeddable":true,"href":"https:\/\/connectandact.be\/fr\/wp-json\/wp\/v2\/comments?post=1967"}],"version-history":[{"count":0,"href":"https:\/\/connectandact.be\/fr\/wp-json\/wp\/v2\/pages\/1967\/revisions"}],"wp:attachment":[{"href":"https:\/\/connectandact.be\/fr\/wp-json\/wp\/v2\/media?parent=1967"}],"curies":[{"name":"wp","href":"https:\/\/api.w.org\/{rel}","templated":true}]}}