{"id":1336,"date":"2019-01-08T12:04:42","date_gmt":"2019-01-08T12:04:42","guid":{"rendered":"http:\/\/localhost\/Exhibz\/?page_id=1336"},"modified":"2019-01-08T12:04:42","modified_gmt":"2019-01-08T12:04:42","slug":"schedule-tab","status":"publish","type":"page","link":"https:\/\/connectandact.be\/fr\/schedule-tab\/","title":{"rendered":"Schedule Tab I"},"content":{"rendered":"<div data-elementor-type=\"wp-post\" data-elementor-id=\"1336\" class=\"elementor elementor-1336\">\n\t\t\t\t\t\t<section class=\"elementor-section elementor-top-section elementor-element elementor-element-e4a elementor-section-boxed elementor-section-height-default elementor-section-height-default\" data-id=\"e4a\" data-element_type=\"section\">\n\t\t\t\t\t\t<div class=\"elementor-container elementor-column-gap-default\">\n\t\t\t\t\t<div class=\"elementor-column elementor-col-100 elementor-top-column elementor-element elementor-element-37b5\" data-id=\"37b5\" data-element_type=\"column\">\n\t\t\t<div class=\"elementor-widget-wrap elementor-element-populated\">\n\t\t\t\t\t\t<div class=\"elementor-element elementor-element-2a9f elementor-widget elementor-widget-exhibz-schedule\" data-id=\"2a9f\" data-element_type=\"widget\" data-settings=\"{&quot;ekit_we_effect_on&quot;:&quot;none&quot;}\" data-widget_type=\"exhibz-schedule.default\">\n\t\t\t\t<div class=\"elementor-widget-container\">\n\t\t\t\t\t<section class=\"ts-schedule\">\n    <div class=\"container\">\n        <div class=\"row\">\n            <div class=\"col-lg-6 align-self-center wow fadeInUp\" data-wow-duration=\"1.5s\" data-wow-delay=\"400ms\">\n                <div class=\"ts-schedule-content\">\n                    <h2 class=\"column-title\">\n                        <span>SCHEDULE DETAILS<\/span>\n\t\t\t\t\t\tInformation of Event Schedules                    <\/h2>\n                    <p>\n\t\t\t\t\t\tWorld is committed to making participation in the event a harassment free experience for everyone, regardless of level of experience, gender, gender identity and expression                    <\/p>\n                <\/div>\n            <\/div>\n            <!-- col end-->\n            <div class=\"col-lg-6 wow fadeInUp\" data-wow-duration=\"1.5s\" data-wow-delay=\"500ms\">\n                <div class=\"ts-schedule-info mb-70\">\n                    <ul class=\"nav nav-tabs\" role=\"tablist\">\n\t\t\t\t\t\t\t\t\t\t\t\t\t                                <li class=\"nav-item\" role=\"presentation\">\n                                    <a class=\"active\" title=\"Room 0\"\n                                       href=\"#date2a9f1\" role=\"tab\"\n                                       data-toggle=\"tab\">\n                                        <h3>Room 0<\/h3>\n\t\t\t\t\t\t\t\t\t\t                                            <span> <\/span>\n\t\t\t\t\t\t\t\t\t\t                                    <\/a>\n                                <\/li>\n\t\t\t\t\t\t\t\t\t\t\t\t\t\t\t\t\t\t\t\t\t                                <li class=\"nav-item\" role=\"presentation\">\n                                    <a title=\"Room 1\"\n                                       href=\"#date2a9f2\" role=\"tab\"\n                                       data-toggle=\"tab\">\n                                        <h3>Room 1<\/h3>\n\t\t\t\t\t\t\t\t\t\t                                            <span> <\/span>\n\t\t\t\t\t\t\t\t\t\t                                    <\/a>\n                                <\/li>\n\t\t\t\t\t\t\t\t\t\t\t\t\t\t\t\t\t\t\t\t\t                                <li class=\"nav-item\" role=\"presentation\">\n                                    <a title=\"Room 2\"\n                                       href=\"#date2a9f3\" role=\"tab\"\n                                       data-toggle=\"tab\">\n                                        <h3>Room 2<\/h3>\n\t\t\t\t\t\t\t\t\t\t                                            <span> <\/span>\n\t\t\t\t\t\t\t\t\t\t                                    <\/a>\n                                <\/li>\n\t\t\t\t\t\t\t\t\t\t\t\t\t\t\t\t\t\t\t\t\t                                <li class=\"nav-item\" role=\"presentation\">\n                                    <a title=\"Room 3\"\n                                       href=\"#date2a9f4\" role=\"tab\"\n                                       data-toggle=\"tab\">\n                                        <h3>Room 3<\/h3>\n\t\t\t\t\t\t\t\t\t\t                                            <span> <\/span>\n\t\t\t\t\t\t\t\t\t\t                                    <\/a>\n                                <\/li>\n\t\t\t\t\t\t\t\t\t\t\t\t\t\t\t\t\t\t\t\t\t                                <li class=\"nav-item\" role=\"presentation\">\n                                    <a title=\"Room 4\"\n                                       href=\"#date2a9f5\" role=\"tab\"\n                                       data-toggle=\"tab\">\n                                        <h3>Room 4<\/h3>\n\t\t\t\t\t\t\t\t\t\t                                            <span> <\/span>\n\t\t\t\t\t\t\t\t\t\t                                    <\/a>\n                                <\/li>\n\t\t\t\t\t\t\t\t\t\t\t\t\t\t\t\t\t\t\t\t\t                                <li class=\"nav-item\" role=\"presentation\">\n                                    <a title=\"Room 5\"\n                                       href=\"#date2a9f6\" role=\"tab\"\n                                       data-toggle=\"tab\">\n                                        <h3>Room 5<\/h3>\n\t\t\t\t\t\t\t\t\t\t                                            <span> <\/span>\n\t\t\t\t\t\t\t\t\t\t                                    <\/a>\n                                <\/li>\n\t\t\t\t\t\t\t\t\t\t\t\t\t\t                    <\/ul>\n                    <!-- Tab panes -->\n                <\/div>\n            <\/div>\n            <!-- col end-->\n        <\/div>\n        <!-- row end-->\n        <div class=\"row\">\n            <div class=\"col-lg-12\">\n                <div class=\"tab-content schedule-tabs\">\n\t\t\t\t\t\t\t\t\t\t\t                            <div role=\"tabpanel\" class=\"tab-pane active\"\n                                 id=\"date2a9f1\">\n\t\t\t\t\t\t\t\t\t\t\t\t\t\t\t\t\t                                    <div class=\"schedule-listing\">\n                                        <div class=\"schedule-slot-time\">\n                                            <span> 09h00-10h00 <\/span>\n\n                                        <\/div>\n                                        <div class=\"schedule-slot-info\">\n\t\t\t\t\t\t\t\t\t\t\t                                            <div class=\"schedule-slot-info-content\">\n                                                <p class=\"schedule-speaker speaker-1\">\n\t\t\t\t\t\t\t\t\t\t\t\t\t\t\t\t\t\t\t\t\t\t\t\t\t\t\t\t\t\t\t\t\t\t\t\t\t\t\t\t                                                <\/p>\n\n                                                <h3 class=\"schedule-slot-title\">\n\t\t\t\t\t\t\t\t\t\t\t\t\tAccueil &amp; Keynote - Hacking the Heart : la gestion des \u00e9motions comme strat\u00e9gie                                                    <!-- <strong>@ Fredric Martinsson<\/strong> -->\n                                                <\/h3>\n                                                <p>\n\t\t\t\t\t\t\t\t\t\t\t\t\t<span data-sheets-root=\"1\"> Les \u00e9motions dirigent le comportement\u202f: clients, collaborateurs et b\u00e9n\u00e9voles.\nLes organisations qui le comprennent ne se contentent pas de concevoir des processus, elles cr\u00e9ent des exp\u00e9riences qui touchent, connectent et influencent.\n\nDans cette introduction, nous explorons la strat\u00e9gie derri\u00e8re la gestion des \u00e9motions\u202f: pourquoi cela fonctionne, comment renforcer l\u2019engagement et la fid\u00e9lit\u00e9, et o\u00f9 se situe la limite entre inspiration et manipulation. Une session stimulante pour tous ceux qui souhaitent utiliser les \u00e9motions avec discernement et int\u00e9grit\u00e9.<\/span>                                                <\/p>\n                                            <\/div>\n                                            <!--Info content end -->\n                                        <\/div>\n                                        <!-- Slot info end -->\n                                    <\/div>\n\t\t\t\t\t\t\t\t\t\t\t\t\t\t\t\t\t                                    <div class=\"schedule-listing\">\n                                        <div class=\"schedule-slot-time\">\n                                            <span> 10h30-11h45 <\/span>\n\n                                        <\/div>\n                                        <div class=\"schedule-slot-info\">\n\t\t\t\t\t\t\t\t\t\t\t                                            <div class=\"schedule-slot-info-content\">\n                                                <p class=\"schedule-speaker speaker-1\">\n\t\t\t\t\t\t\t\t\t\t\t\t\t\t\t\t\t\t\t\t\t\t\t\t\t\t\t\t\t\t\t\t\t\t\t\t\t\t\t\t                                                <\/p>\n\n                                                <h3 class=\"schedule-slot-title\">\n\t\t\t\t\t\t\t\t\t\t\t\t\tVilles de Bruges, Courtrai &amp; Staden - Le\u00e7ons et exp\u00e9riences de 2025                                                    <!-- <strong>@ Fredric Martinsson<\/strong> -->\n                                                <\/h3>\n                                                <p>\n\t\t\t\t\t\t\t\t\t\t\t\t\t<span data-sheets-root=\"1\">Dans cet atelier, les coordinateurs du b\u00e9n\u00e9volat de Bruges, Courtrai et Staden partageront leurs exp\u00e9riences et enseignements cl\u00e9s de 2025. La session se terminera par une s\u00e9ance interactive de questions-r\u00e9ponses avec le public et le mod\u00e9rateur.\n\nBruges : La ville centralise son b\u00e9n\u00e9volat via la Centrale du b\u00e9n\u00e9volat, un point de contact unique pour les citoyens, les associations et les services communaux. Chaque public b\u00e9n\u00e9ficie d\u2019un accompagnement adapt\u00e9, avec pour objectif de permettre \u00e0 chacun d\u2019agir de mani\u00e8re autonome dans le domaine du b\u00e9n\u00e9volat. La ville applique une politique externe pour les citoyens et les associations, et une politique interne pour les services communaux, en veillant \u00e0 cr\u00e9er des synergies entre les deux.\n\nCourtrai : Plus de 1\u202f100 b\u00e9n\u00e9voles participent aux activit\u00e9s de la ville, r\u00e9partis sur 35 services communaux et soutenus par environ 75 coachs en b\u00e9n\u00e9volat. La politique de b\u00e9n\u00e9volat y repose sur des accords clairs pour tous, tout en laissant de la flexibilit\u00e9 \u00e0 chaque service, et s\u2019accompagne d\u2019une strat\u00e9gie de reconnaissance des b\u00e9n\u00e9voles particuli\u00e8rement d\u00e9velopp\u00e9e.\n\nStaden : La ville se concentre sur la cr\u00e9ation d\u2019un soutien interne solide au sein des services communaux pour favoriser le b\u00e9n\u00e9volat.\r\n<\/span>                                                <\/p>\n                                            <\/div>\n                                            <!--Info content end -->\n                                        <\/div>\n                                        <!-- Slot info end -->\n                                    <\/div>\n\t\t\t\t\t\t\t\t\t\t\t\t\t\t\t\t\t                                    <div class=\"schedule-listing\">\n                                        <div class=\"schedule-slot-time\">\n                                            <span> 13h00-14h15 <\/span>\n\n                                        <\/div>\n                                        <div class=\"schedule-slot-info\">\n\t\t\t\t\t\t\t\t\t\t\t                                            <div class=\"schedule-slot-info-content\">\n                                                <p class=\"schedule-speaker speaker-1\">\n\t\t\t\t\t\t\t\t\t\t\t\t\t\t\t\t\t\t\t\t\t\t\t\t\t\t\t\t\t\t\t\t\t\t\t\t\t\t\t\t                                                <\/p>\n\n                                                <h3 class=\"schedule-slot-title\">\n\t\t\t\t\t\t\t\t\t\t\t\t\tLa participation est une f\u00eate                                                    <!-- <strong>@ Fredric Martinsson<\/strong> -->\n                                                <\/h3>\n                                                <p>\n\t\t\t\t\t\t\t\t\t\t\t\t\tQuand vous pensez \u00e0 la participation, imaginez-vous des r\u00e9unions interminables ou des consultations dont vous n\u2019entendez jamais plus parler ? D\u00e9trompez-vous ! Dans la session \u00ab La participation est une f\u00eate \u00bb, d\u00e9couvrez qu\u2019il est possible de faire autrement. La Ville de Beringen partage ses exp\u00e9riences et ses enseignements pour montrer comment la participation peut \u00eatre agr\u00e9able et contagieuse. D\u00e9couvrez le Festival des b\u00e9n\u00e9voles, les sessions participatives \u00ab Allemaal Beringen live \u00bb                                                <\/p>\n                                            <\/div>\n                                            <!--Info content end -->\n                                        <\/div>\n                                        <!-- Slot info end -->\n                                    <\/div>\n\t\t\t\t\t\t\t\t\t\t\t\t\t\t\t\t\t                                    <div class=\"schedule-listing\">\n                                        <div class=\"schedule-slot-time\">\n                                            <span> 14h45-16h00 <\/span>\n\n                                        <\/div>\n                                        <div class=\"schedule-slot-info\">\n\t\t\t\t\t\t\t\t\t\t\t                                                <a target=\"_blank\"\n                                                   href=\"https:\/\/connectandact.be\/fr\/speakers\/naike-costa\/\">\n\t\t\t\t\t\t\t\t\t\t\t\t\t<img decoding=\"async\" width=\"80\" height=\"80\" src=\"https:\/\/connectandact.be\/wp-content\/uploads\/2025\/11\/NAIKE-COSTA-150x150.jpg\" class=\"schedule-slot-speakers\" alt=\"\" srcset=\"https:\/\/connectandact.be\/wp-content\/uploads\/2025\/11\/NAIKE-COSTA-150x150.jpg 150w, https:\/\/connectandact.be\/wp-content\/uploads\/2025\/11\/NAIKE-COSTA-300x300.jpg 300w, https:\/\/connectandact.be\/wp-content\/uploads\/2025\/11\/NAIKE-COSTA-1024x1024.jpg 1024w, https:\/\/connectandact.be\/wp-content\/uploads\/2025\/11\/NAIKE-COSTA-768x768.jpg 768w, https:\/\/connectandact.be\/wp-content\/uploads\/2025\/11\/NAIKE-COSTA-12x12.jpg 12w, https:\/\/connectandact.be\/wp-content\/uploads\/2025\/11\/NAIKE-COSTA-600x600.jpg 600w, https:\/\/connectandact.be\/wp-content\/uploads\/2025\/11\/NAIKE-COSTA.jpg 1080w\" sizes=\"(max-width: 80px) 100vw, 80px\" \/>                                                <\/a>\n\t\t\t\t\t\t\t\t\t\t\t                                            <div class=\"schedule-slot-info-content\">\n                                                <p class=\"schedule-speaker speaker-1\">\n\t\t\t\t\t\t\t\t\t\t\t\t\t\t\t\t\t\t\t\t\t\t\t\t\t\t\tNaik\u00e9 Costa\t\t\t\t\t\t\t\t\t\t\t\t\t                                                <\/p>\n\n                                                <h3 class=\"schedule-slot-title\">\n\t\t\t\t\t\t\t\t\t\t\t\t\tDe l\u2019engagement \u00e0 l\u2019impact : renforcer le b\u00e9n\u00e9volat dans les soins aux a\u00een\u00e9s                                                    <!-- <strong>@ Fredric Martinsson<\/strong> -->\n                                                <\/h3>\n                                                <p>\n\t\t\t\t\t\t\t\t\t\t\t\t\t<span data-sheets-root=\"1\">Les b\u00e9n\u00e9voles sont indispensables dans les soins aux personnes \u00e2g\u00e9es\u202f: ils apportent du temps, de l\u2019humanit\u00e9 et une v\u00e9ritable attention. Mais un impact r\u00e9el ne se produit que lorsque leur engagement est soutenu, cibl\u00e9 et valoris\u00e9.\n\nDans cette session, nous verrons comment renforcer le b\u00e9n\u00e9volat\u202f: en d\u00e9finissant des r\u00f4les clairs, en assurant un accompagnement de qualit\u00e9 et en cultivant une culture o\u00f9 les b\u00e9n\u00e9voles se sentent comp\u00e9tents et connect\u00e9s.\n\nAinsi, ce n\u2019est pas seulement leur impact qui grandit, mais \u00e9galement la qualit\u00e9 des soins. De l\u2019engagement \u00e0 un changement durable, c\u2019est l\u00e0 que nous faisons vraiment la diff\u00e9rence ensemble.<\/span>                                                <\/p>\n                                            <\/div>\n                                            <!--Info content end -->\n                                        <\/div>\n                                        <!-- Slot info end -->\n                                    <\/div>\n\t\t\t\t\t\t\t\t                                <!--schedule-listing end -->\n                            <\/div>\n\t\t\t\t\t\t\t\t\t\t\t\t\t\t\t\t\t\t                            <div role=\"tabpanel\" class=\"tab-pane\"\n                                 id=\"date2a9f2\">\n\t\t\t\t\t\t\t\t\t\t\t\t\t\t\t\t\t                                    <div class=\"schedule-listing\">\n                                        <div class=\"schedule-slot-time\">\n                                            <span> 10h30-11h45 <\/span>\n\n                                        <\/div>\n                                        <div class=\"schedule-slot-info\">\n\t\t\t\t\t\t\t\t\t\t\t                                            <div class=\"schedule-slot-info-content\">\n\n                                                <p class=\"schedule-speaker speaker-1\">\n\t\t\t\t\t\t\t\t\t\t\t\t\t\t\t\t\t\t\t\t\t\t\t\t\t\t\t\t\t\t\t\t\t\t\t\t\t\t\t\t                                                <\/p>\n\n                                                <h3 class=\"schedule-slot-title\">\n\t\t\t\t\t\t\t\t\t\t\t\t\tAnn\u00e9e Internationale du Volontariat: Tout ce qu\u2019il faut savoir pour participer                                                    <!-- <strong>@ Fredric Martinsson <\/strong> -->\n                                                <\/h3>\n                                                <p>\n\t\t\t\t\t\t\t\t\t\t\t\t\tDans cette session, nous vous plongeons dans le monde fascinant de l\u2019Ann\u00e9e Internationale du Volontariat 2026 (IVY2026)\u202f: qu\u2019est-ce que c\u2019est et quels en sont les objectifs\u202f? Ensemble, nous explorerons les possibilit\u00e9s pour faire de 2026 une ann\u00e9e r\u00e9ussie.\n\nNous vous pr\u00e9senterons notre planning, mais surtout, nous discuterons avec vous de ce que vous pouvez entreprendre vous-m\u00eame, petit ou grand, et des bonnes pratiques que vous pouvez ou souhaitez partager. Vous d\u00e9couvrirez le fonctionnement du calendrier IVY2026, comment participer au Bingo, aux campagnes et \u00e0 l\u2019\u00e9v\u00e9nement de cl\u00f4ture de fin d\u2019ann\u00e9e.\n\nNous montrerons \u00e9galement comment augmenter la visibilit\u00e9 de votre action b\u00e9n\u00e9vole, mesurer l\u2019impact de vos b\u00e9n\u00e9voles et comment valoriser ces r\u00e9sultats\u202f!\n\nEt bien s\u00fbr, nous voulons savoir ce que vous souhaitez tirer de cette ann\u00e9e. Notre ambition\u202f: un impact durable, dont les effets se feront sentir bien au-del\u00e0 de d\u00e9cembre 2026.                                                <\/p>\n                                            <\/div>\n                                            <!--Info content end -->\n                                        <\/div>\n                                        <!-- Slot info end -->\n                                    <\/div>\n\t\t\t\t\t\t\t\t\t\t\t\t\t\t\t\t\t                                    <div class=\"schedule-listing\">\n                                        <div class=\"schedule-slot-time\">\n                                            <span> 13h00-14h15 <\/span>\n\n                                        <\/div>\n                                        <div class=\"schedule-slot-info\">\n\t\t\t\t\t\t\t\t\t\t\t                                                <a target=\"_blank\"\n                                                   href=\"https:\/\/connectandact.be\/fr\/speakers\/bart-wolput-2\/\">\n                                                    <img decoding=\"async\" class=\"schedule-slot-speakers\"\n                                                         src=\"https:\/\/connectandact.be\/wp-content\/uploads\/2024\/12\/bart-wolput-give-a-day-directeur.png\"\n                                                         alt=\" Comment cr\u00e9er des annonces percutantes pour la campagne de l\u2019Ann\u00e9e du B\u00e9n\u00e9volat, en collaboration avec Publiq - UitPas\">\n                                                <\/a>\n\t\t\t\t\t\t\t\t\t\t\t                                            <div class=\"schedule-slot-info-content\">\n\n                                                <p class=\"schedule-speaker speaker-1\">\n\t\t\t\t\t\t\t\t\t\t\t\t\t\t\t\t\t\t\t\t\t\t\t\t\t\t\tBart Wolput\t\t\t\t\t\t\t\t\t\t\t\t\t                                                <\/p>\n\n                                                <h3 class=\"schedule-slot-title\">\n\t\t\t\t\t\t\t\t\t\t\t\t\tComment cr\u00e9er des annonces percutantes pour la campagne de l\u2019Ann\u00e9e du B\u00e9n\u00e9volat, en collaboration avec Publiq - UitPas                                                    <!-- <strong>@ Fredric Martinsson <\/strong> -->\n                                                <\/h3>\n                                                <p>\n\t\t\t\t\t\t\t\t\t\t\t\t\t<span data-sheets-root=\"1\">Cet atelier se concentre sur la mani\u00e8re de r\u00e9diger des offres de b\u00e9n\u00e9volat fortes et attractives dans le cadre de la campagne de l\u2019Ann\u00e9e du Volontariat. Vous apprendrez \u00e0 formuler des annonces claires, plus inclusives et mobilisatrices, afin qu\u2019elles correspondent davantage aux motivations des b\u00e9n\u00e9voles et g\u00e9n\u00e8rent plus de port\u00e9e et d\u2019impact.\n\nNous approfondirons \u00e9galement la nouvelle module des missions d\u2019un jour, qui permet aux personnes de venir d\u00e9couvrir et tester le b\u00e9n\u00e9volat. Enfin, nous pr\u00e9senterons comment, dans le cadre de la campagne d\u2019automne, nous collaborons avec Publiq - UiTPAS afin de porter l\u2019engagement b\u00e9n\u00e9vole \u00e0 un niveau sup\u00e9rieur.<\/span>                                                <\/p>\n                                            <\/div>\n                                            <!--Info content end -->\n                                        <\/div>\n                                        <!-- Slot info end -->\n                                    <\/div>\n\t\t\t\t\t\t\t\t\t\t\t\t\t\t\t\t\t                                    <div class=\"schedule-listing\">\n                                        <div class=\"schedule-slot-time\">\n                                            <span> 14h45-16h00 <\/span>\n\n                                        <\/div>\n                                        <div class=\"schedule-slot-info\">\n\t\t\t\t\t\t\t\t\t\t\t                                                <a target=\"_blank\"\n                                                   href=\"https:\/\/connectandact.be\/fr\/speakers\/frederik-van-dessel\/\">\n                                                    <img decoding=\"async\" class=\"schedule-slot-speakers\"\n                                                         src=\"https:\/\/connectandact.be\/wp-content\/uploads\/2025\/11\/Frederik-Van-Dessel-Give-a-Day.jpg\"\n                                                         alt=\" Transformer votre organisation avec l\u2019IA\">\n                                                <\/a>\n\t\t\t\t\t\t\t\t\t\t\t                                            <div class=\"schedule-slot-info-content\">\n\n                                                <p class=\"schedule-speaker speaker-1\">\n\t\t\t\t\t\t\t\t\t\t\t\t\t\t\t\t\t\t\t\t\t\t\t\t\t\t\tFrederik Van Dessel\t\t\t\t\t\t\t\t\t\t\t\t\t                                                <\/p>\n\n                                                <h3 class=\"schedule-slot-title\">\n\t\t\t\t\t\t\t\t\t\t\t\t\tTransformer votre organisation avec l\u2019IA                                                    <!-- <strong>@ Fredric Martinsson <\/strong> -->\n                                                <\/h3>\n                                                <p>\n\t\t\t\t\t\t\t\t\t\t\t\t\t<span data-sheets-root=\"1\">In deze sessie ontdek je hoe AI kan ondersteunen bij dagelijkse taken zoals communicatie, interne afstemming, projectwerking en rapportering. We verkennen waar AI vandaag al tijd kan besparen, maar ook waar de grenzen liggen en menselijke afweging essentieel blijft.<\/span>\r\n\r\nNaast inzichten en voorbeelden ga je ook zelf aan de slag met een concrete toepassing. Zo ervaar je in de praktijk hoe AI werkt, en krijg je handvatten om die ervaring te vertalen naar je eigen organisatie. Je vertrekt met een beter begrip van de mogelijkheden \u00e9n met idee\u00ebn om er nadien gericht en realistisch verder mee te werken.                                                <\/p>\n                                            <\/div>\n                                            <!--Info content end -->\n                                        <\/div>\n                                        <!-- Slot info end -->\n                                    <\/div>\n\t\t\t\t\t\t\t\t                                <!--schedule-listing end -->\n                            <\/div>\n\t\t\t\t\t\t\t\t\t\t\t\t\t\t\t\t\t\t                            <div role=\"tabpanel\" class=\"tab-pane\"\n                                 id=\"date2a9f3\">\n\t\t\t\t\t\t\t\t\t\t\t\t\t\t\t\t\t                                    <div class=\"schedule-listing\">\n                                        <div class=\"schedule-slot-time\">\n                                            <span> 10h30-11h45 <\/span>\n\n                                        <\/div>\n                                        <div class=\"schedule-slot-info\">\n\t\t\t\t\t\t\t\t\t\t\t                                                <a target=\"_blank\"\n                                                   href=\"https:\/\/connectandact.be\/fr\/speakers\/coralie-vanlinthout\/\">\n                                                    <img decoding=\"async\" class=\"schedule-slot-speakers\"\n                                                         src=\"https:\/\/connectandact.be\/wp-content\/uploads\/2026\/01\/Coralie-VanLinthout.jpg\"\n                                                         alt=\" Former les b\u00e9n\u00e9voles pour mieux agir : l\u2019exp\u00e9rience de Charleroi\">\n                                                <\/a>\n\t\t\t\t\t\t\t\t\t\t\t                                            <div class=\"schedule-slot-info-content\">\n\n                                                <p class=\"schedule-speaker speaker-1\">\n\t\t\t\t\t\t\t\t\t\t\t\t\t\t\t\t\t\t\t\t\t\t\t\t\t\t\tCoralie Vanlinthout\t\t\t\t\t\t\t\t\t\t\t\t\t                                                <\/p>\n\n                                                <h3 class=\"schedule-slot-title\">\n\t\t\t\t\t\t\t\t\t\t\t\t\tFormer les b\u00e9n\u00e9voles pour mieux agir : l\u2019exp\u00e9rience de Charleroi                                                    <!-- <strong>@ Fredric Martinsson <\/strong> -->\n                                                <\/h3>\n                                                <p>\n\t\t\t\t\t\t\t\t\t\t\t\t\t<span data-sheets-root=\"1\">Ce workshop nous pr\u00e9sentera le programme de formation du Service de la Coh\u00e9sion sociale de la Ville de Charleroi disponible via la plateforme \u00ab Charleroi solidaire \u00bb. Ce programme vise \u00e0 former les b\u00e9n\u00e9voles afin de renforcer leurs comp\u00e9tences, leur confiance et leur engagement. Il offre un accompagnement structur\u00e9 pour permettre aux volontaires de s\u2019impliquer efficacement, tout en favorisant la mobilisation citoyenne et l\u2019entraide locale. Inspirez-vous !<\/span>                                                <\/p>\n                                            <\/div>\n                                            <!--Info content end -->\n                                        <\/div>\n                                        <!-- Slot info end -->\n                                    <\/div>\n\t\t\t\t\t\t\t\t\t\t\t\t\t\t\t\t\t                                    <div class=\"schedule-listing\">\n                                        <div class=\"schedule-slot-time\">\n                                            <span> 14h45-16h00 <\/span>\n\n                                        <\/div>\n                                        <div class=\"schedule-slot-info\">\n\t\t\t\t\t\t\t\t\t\t\t                                            <div class=\"schedule-slot-info-content\">\n\n                                                <p class=\"schedule-speaker speaker-1\">\n\t\t\t\t\t\t\t\t\t\t\t\t\t\t\t\t\t\t\t\t\t\t\t\t\t\t\t\t\t\t\t\t\t\t\t\t\t\t\t\t                                                <\/p>\n\n                                                <h3 class=\"schedule-slot-title\">\n\t\t\t\t\t\t\t\t\t\t\t\t\tLe recrutement et la fid\u00e9lisation des b\u00e9n\u00e9voles dans les clubs sportifs                                                    <!-- <strong>@ Fredric Martinsson <\/strong> -->\n                                                <\/h3>\n                                                <p>\n\t\t\t\t\t\t\t\t\t\t\t\t\tCette ann\u00e9e, la Belgique accueille la Coupe du Monde de Hockey\u202f: des centaines de b\u00e9n\u00e9voles seront mobilis\u00e9s pour l\u2019\u00e9v\u00e9nement. Une belle occasion de mettre en lumi\u00e8re l\u2019engagement b\u00e9n\u00e9vole dans les clubs sportifs.\n\nC\u2019est exactement le sujet de cette session\u202f: \u00e0 partir de l\u2019exp\u00e9rience des clubs de hockey, les discussions seront \u00e9largies \u00e0 d\u2019autres sports et permettront un \u00e9change de bonnes pratiques et de conseils pour recruter, mobiliser et fid\u00e9liser les b\u00e9n\u00e9voles au sein des clubs sportifs.                                                <\/p>\n                                            <\/div>\n                                            <!--Info content end -->\n                                        <\/div>\n                                        <!-- Slot info end -->\n                                    <\/div>\n\t\t\t\t\t\t\t\t                                <!--schedule-listing end -->\n                            <\/div>\n\t\t\t\t\t\t\t\t\t\t\t\t\t\t\t\t\t\t                            <div role=\"tabpanel\" class=\"tab-pane\"\n                                 id=\"date2a9f4\">\n\t\t\t\t\t\t\t\t\t\t\t\t\t\t\t\t\t                                    <div class=\"schedule-listing\">\n                                        <div class=\"schedule-slot-time\">\n                                            <span> 10h30-11h45 <\/span>\n\n                                        <\/div>\n                                        <div class=\"schedule-slot-info\">\n\t\t\t\t\t\t\t\t\t\t\t                                                <a target=\"_blank\"\n                                                   href=\"https:\/\/connectandact.be\/fr\/speakers\/ewoud-monbaliu\/\">\n                                                    <img decoding=\"async\" class=\"schedule-slot-speakers\"\n                                                         src=\"https:\/\/connectandact.be\/wp-content\/uploads\/2026\/01\/Ewoud-scaled.jpg\"\n                                                         alt=\" Le r\u00f4le des rituels dans l\u2019accueil et l\u2019accompagnement des b\u00e9n\u00e9voles. Comment utiliser la force des rituels pour approfondir la connexion et le sens dans le b\u00e9n\u00e9volat\">\n                                                <\/a>\n\t\t\t\t\t\t\t\t\t\t\t                                            <div class=\"schedule-slot-info-content\">\n\n                                                <p class=\"schedule-speaker speaker-1\">\n\t\t\t\t\t\t\t\t\t\t\t\t\t\t\t\t\t\t\t\t\t\t\t\t\t\t\tEwoud Monbaliu\t\t\t\t\t\t\t\t\t\t\t\t\t                                                <\/p>\n\n                                                <h3 class=\"schedule-slot-title\">\n\t\t\t\t\t\t\t\t\t\t\t\t\tLe r\u00f4le des rituels dans l\u2019accueil et l\u2019accompagnement des b\u00e9n\u00e9voles. Comment utiliser la force des rituels pour approfondir la connexion et le sens dans le b\u00e9n\u00e9volat                                                    <!-- <strong>@ Fredric Martinsson <\/strong> -->\n                                                <\/h3>\n                                                <p>\n\t\t\t\t\t\t\t\t\t\t\t\t\tCet atelier explore le r\u00f4le puissant que les rituels peuvent jouer dans l\u2019accueil, l\u2019accompagnement et le d\u00e9part des b\u00e9n\u00e9voles. Ewoud Monbaliu montre comment des rituels r\u00e9fl\u00e9chis tout au long du cycle de vie des b\u00e9n\u00e9voles favorisent la connexion, l\u2019engagement et un fort sentiment d\u2019appartenance. Vous d\u00e9couvrirez comment les rituels ajoutent du sens et de la valeur au b\u00e9n\u00e9volat et comment les utiliser consciemment pour renforcer l\u2019engagement et fid\u00e9liser durablement vos b\u00e9n\u00e9voles.                                                <\/p>\n                                            <\/div>\n                                            <!--Info content end -->\n                                        <\/div>\n                                        <!-- Slot info end -->\n                                    <\/div>\n\t\t\t\t\t\t\t\t\t\t\t\t\t\t\t\t\t                                    <div class=\"schedule-listing\">\n                                        <div class=\"schedule-slot-time\">\n                                            <span> 13h00-14h15 <\/span>\n\n                                        <\/div>\n                                        <div class=\"schedule-slot-info\">\n\t\t\t\t\t\t\t\t\t\t\t                                            <div class=\"schedule-slot-info-content\">\n\n                                                <p class=\"schedule-speaker speaker-1\">\n\t\t\t\t\t\t\t\t\t\t\t\t\t\t\t\t\t\t\t\t\t\t\t\t\t\t\t\t\t\t\t\t\t\t\t\t\t\t\t\t                                                <\/p>\n\n                                                <h3 class=\"schedule-slot-title\">\n\t\t\t\t\t\t\t\t\t\t\t\t\tFaire collaborer les g\u00e9n\u00e9rations - la G\u00e9n\u00e9ration Z, les Boomers et tous ceux qui se situent entre les deux                                                    <!-- <strong>@ Fredric Martinsson <\/strong> -->\n                                                <\/h3>\n                                                <p>\n\t\t\t\t\t\t\t\t\t\t\t\t\t<span data-sheets-root=\"1\">Comment aligner toutes ces g\u00e9n\u00e9rations\u202f? Ceci n\u2019est pas une mince affaire\u2026 mais c\u2019est possible !\n\nDans cette session d\u2019expertise inspirante, Koen Vermeulen vous pr\u00e9sentera la vision innovante d\u00e9velopp\u00e9e par Hitch pour collaborer entre g\u00e9n\u00e9rations. En comprenant ce dont chaque g\u00e9n\u00e9ration a r\u00e9ellement besoin, vous apprendrez \u00e0 construire une vision commune qui rassemble, au-del\u00e0 des clich\u00e9s et des pr\u00e9jug\u00e9s.\n\nNe vous attendez pas \u00e0 de la th\u00e9orie pure et dure\u202f: cette session est pratique, avec des exemples concrets, des cadres et des m\u00e9thodes directement applicables. Que vous travailliez avec des b\u00e9n\u00e9voles ou des collaborateurs, cette session vous aidera non seulement \u00e0 faire collaborer les g\u00e9n\u00e9rations, mais \u00e0 les faire se renforcer mutuellement.<\/span>                                                <\/p>\n                                            <\/div>\n                                            <!--Info content end -->\n                                        <\/div>\n                                        <!-- Slot info end -->\n                                    <\/div>\n\t\t\t\t\t\t\t\t\t\t\t\t\t\t\t\t\t                                    <div class=\"schedule-listing\">\n                                        <div class=\"schedule-slot-time\">\n                                            <span> 14h45-16h00 <\/span>\n\n                                        <\/div>\n                                        <div class=\"schedule-slot-info\">\n\t\t\t\t\t\t\t\t\t\t\t                                                <a target=\"_blank\"\n                                                   href=\"https:\/\/connectandact.be\/fr\/speakers\/sarah-goris\/\">\n                                                    <img decoding=\"async\" class=\"schedule-slot-speakers\"\n                                                         src=\"https:\/\/connectandact.be\/wp-content\/uploads\/2026\/01\/Sarah-Goris.jpg\"\n                                                         alt=\" L\u2019histoire de la communaut\u00e9 De Roma\">\n                                                <\/a>\n\t\t\t\t\t\t\t\t\t\t\t                                            <div class=\"schedule-slot-info-content\">\n\n                                                <p class=\"schedule-speaker speaker-1\">\n\t\t\t\t\t\t\t\t\t\t\t\t\t\t\t\t\t\t\t\t\t\t\t\t\t\t\tSarah Goris\t\t\t\t\t\t\t\t\t\t\t\t\t                                                <\/p>\n\n                                                <h3 class=\"schedule-slot-title\">\n\t\t\t\t\t\t\t\t\t\t\t\t\tL\u2019histoire de la communaut\u00e9 De Roma                                                    <!-- <strong>@ Fredric Martinsson <\/strong> -->\n                                                <\/h3>\n                                                <p>\n\t\t\t\t\t\t\t\t\t\t\t\t\t<span data-sheets-root=\"1\">De Roma est un lieu o\u00f9 la musique rassemble les gens, mais en coulisses se produit quelque chose d\u2019encore plus beau\u202f: la connexion entre b\u00e9n\u00e9voles, collaborateurs et organisation.\n\nDans cette session, Sarah Goris partagera des histoires v\u00e9cues pour montrer comment elle cultive et renforce ces liens. Elle expliquera comment la connexion n\u2019est pas seulement une force, mais aussi une fiert\u00e9 de De Roma. Ensemble, contribuons \u00e0 faire de De Roma un lieu o\u00f9 chacun se sent chez soi. Une communaut\u00e9 ouverte o\u00f9 tout le monde est invit\u00e9 \u00e0 participer, collaborer et contribuer \u00e0 construire quelque chose de grand.<\/span>                                                <\/p>\n                                            <\/div>\n                                            <!--Info content end -->\n                                        <\/div>\n                                        <!-- Slot info end -->\n                                    <\/div>\n\t\t\t\t\t\t\t\t                                <!--schedule-listing end -->\n                            <\/div>\n\t\t\t\t\t\t\t\t\t\t\t\t\t\t\t\t\t\t                            <div role=\"tabpanel\" class=\"tab-pane\"\n                                 id=\"date2a9f5\">\n\t\t\t\t\t\t\t\t\t\t\t\t\t\t\t\t\t                                    <div class=\"schedule-listing\">\n                                        <div class=\"schedule-slot-time\">\n                                            <span> 10h30-11h45 <\/span>\n\n                                        <\/div>\n                                        <div class=\"schedule-slot-info\">\n\t\t\t\t\t\t\t\t\t\t\t                                                <a target=\"_blank\"\n                                                   href=\"https:\/\/connectandact.be\/fr\/speakers\/jonas-vanderoost\/\">\n                                                    <img decoding=\"async\" class=\"schedule-slot-speakers\"\n                                                         src=\"https:\/\/connectandact.be\/wp-content\/uploads\/2026\/01\/Jeugdwerker-Jonas-Vanderoost-met-A.jpg\"\n                                                         alt=\" Comment booster l\u2019engagement des jeunes ?\">\n                                                <\/a>\n\t\t\t\t\t\t\t\t\t\t\t                                            <div class=\"schedule-slot-info-content\">\n\n                                                <p class=\"schedule-speaker speaker-1\">\n\t\t\t\t\t\t\t\t\t\t\t\t\t\t\t\t\t\t\t\t\t\t\t\t\t\t\tJonas Vanderoost\t\t\t\t\t\t\t\t\t\t\t\t\t                                                <\/p>\n\n                                                <h3 class=\"schedule-slot-title\">\n\t\t\t\t\t\t\t\t\t\t\t\t\tComment booster l\u2019engagement des jeunes ?                                                    <!-- <strong>@ Fredric Martinsson <\/strong> -->\n                                                <\/h3>\n                                                <p>\n\t\t\t\t\t\t\t\t\t\t\t\t\t<span data-sheets-root=\"1\">Dans cet atelier pratique, vous d\u00e9couvrirez des outils pour renforcer l\u2019engagement des jeunes au sein de votre organisation ou commune. Jonas Vanderoost partagera des insights, m\u00e9thodes et exemples concrets pour impliquer activement les jeunes dans des projets, \u00e9v\u00e9nements et d\u00e9cisions politiques.\n\nVous apprendrez \u00e0 organiser la communication, la participation et la collaboration de mani\u00e8re \u00e0 ce que les jeunes se sentent entendus, favorisant un engagement durable, tout en respectant leur motivation et leur univers.<\/span>                                                <\/p>\n                                            <\/div>\n                                            <!--Info content end -->\n                                        <\/div>\n                                        <!-- Slot info end -->\n                                    <\/div>\n\t\t\t\t\t\t\t\t\t\t\t\t\t\t\t\t\t                                    <div class=\"schedule-listing\">\n                                        <div class=\"schedule-slot-time\">\n                                            <span> 13h00-14h15 <\/span>\n\n                                        <\/div>\n                                        <div class=\"schedule-slot-info\">\n\t\t\t\t\t\t\t\t\t\t\t                                                <a target=\"_blank\"\n                                                   href=\"https:\/\/connectandact.be\/fr\/speakers\/farah-laporte\/\">\n                                                    <img decoding=\"async\" class=\"schedule-slot-speakers\"\n                                                         src=\"https:\/\/connectandact.be\/wp-content\/uploads\/2024\/12\/farah-laporte-png.png\"\n                                                         alt=\" Gardez le cap sur le b\u00e9n\u00e9volat inclusif\">\n                                                <\/a>\n\t\t\t\t\t\t\t\t\t\t\t                                            <div class=\"schedule-slot-info-content\">\n\n                                                <p class=\"schedule-speaker speaker-1\">\n\t\t\t\t\t\t\t\t\t\t\t\t\t\t\t\t\t\t\t\t\t\t\t\t\t\t\tFarah Laporte\t\t\t\t\t\t\t\t\t\t\t\t\t                                                <\/p>\n\n                                                <h3 class=\"schedule-slot-title\">\n\t\t\t\t\t\t\t\t\t\t\t\t\tGardez le cap sur le b\u00e9n\u00e9volat inclusif                                                    <!-- <strong>@ Fredric Martinsson <\/strong> -->\n                                                <\/h3>\n                                                <p>\n\t\t\t\t\t\t\t\t\t\t\t\t\t<span data-sheets-root=\"1\">Comment faire en sorte que les b\u00e9n\u00e9voles que vous recrutez se sentent accueillis, chez eux et valoris\u00e9s, et aient envie de \u00ab\u202frester et revenir\u202f\u00bb\u202f? M\u00eame si cela peut sembler ambitieux, parfois tout tient \u00e0 de petits d\u00e9tails.\nAvec Compagnie Cordiale, qui recherche quotidiennement des missions de b\u00e9n\u00e9volat pour les personnes r\u00e9cemment arriv\u00e9es en Belgique, cette session explore ce que signifie r\u00e9ellement un b\u00e9n\u00e9volat inclusif dans la pratique, \u00e0 travers de nombreux exemples, conseils et astuces concr\u00e8tes.\u00a0<\/span>                                                <\/p>\n                                            <\/div>\n                                            <!--Info content end -->\n                                        <\/div>\n                                        <!-- Slot info end -->\n                                    <\/div>\n\t\t\t\t\t\t\t\t\t\t\t\t\t\t\t\t\t                                    <div class=\"schedule-listing\">\n                                        <div class=\"schedule-slot-time\">\n                                            <span> 14h45-16h00 <\/span>\n\n                                        <\/div>\n                                        <div class=\"schedule-slot-info\">\n\t\t\t\t\t\t\t\t\t\t\t                                            <div class=\"schedule-slot-info-content\">\n\n                                                <p class=\"schedule-speaker speaker-1\">\n\t\t\t\t\t\t\t\t\t\t\t\t\t\t\t\t\t\t\t\t\t\t\t\t\t\t\t\t\t\t\t\t\t\t\t\t\t\t\t\t                                                <\/p>\n\n                                                <h3 class=\"schedule-slot-title\">\n\t\t\t\t\t\t\t\t\t\t\t\t\t\u00c9laborer pas \u00e0 pas une politique forte en mati\u00e8re de b\u00e9n\u00e9volat                                                     <!-- <strong>@ Fredric Martinsson <\/strong> -->\n                                                <\/h3>\n                                                <p>\n\t\t\t\t\t\t\t\t\t\t\t\t\t<span data-sheets-root=\"1\">Lib\u00e9rer la force des b\u00e9n\u00e9voles : un guide pratique pour votre plan de gestion des volontaires. Avec cet atelier anim\u00e9 par Lydia de la Ville d'Hasselt, vous plongerez dans le monde de la gestion et l'administration des volontaires. Apprenez \u00e0 cr\u00e9er un plan de b\u00e9n\u00e9volat sur mesure qui refl\u00e8te les besoins uniques de votre ville, municipalit\u00e9 ou organisation. Ce processus couvre l'ensemble du parcours du b\u00e9n\u00e9vole, du recrutement \u00e0 la sortie en passant par l'administration et la reconnaissance. Une session interactive qui promet de l'inspiration et des outils imm\u00e9diatement applicables dans votre propre gestion des b\u00e9n\u00e9voles.<\/span>                                                <\/p>\n                                            <\/div>\n                                            <!--Info content end -->\n                                        <\/div>\n                                        <!-- Slot info end -->\n                                    <\/div>\n\t\t\t\t\t\t\t\t                                <!--schedule-listing end -->\n                            <\/div>\n\t\t\t\t\t\t\t\t\t\t\t\t\t\t\t\t\t\t                            <div role=\"tabpanel\" class=\"tab-pane\"\n                                 id=\"date2a9f6\">\n\t\t\t\t\t\t\t\t\t\t\t\t\t\t\t\t\t                                    <div class=\"schedule-listing\">\n                                        <div class=\"schedule-slot-time\">\n                                            <span> 10h30-11h45 <\/span>\n\n                                        <\/div>\n                                        <div class=\"schedule-slot-info\">\n\t\t\t\t\t\t\t\t\t\t\t                                                <a target=\"_blank\"\n                                                   href=\"https:\/\/connectandact.be\/fr\/speakers\/martin-de-loose\/\">\n                                                    <img decoding=\"async\" class=\"schedule-slot-speakers\"\n                                                         src=\"https:\/\/connectandact.be\/wp-content\/uploads\/2023\/11\/martin-de-loose-neos-vzw-2.png\"\n                                                         alt=\" Comment le mod\u00e8le associatif classique peut-il encore fonctionner ?\">\n                                                <\/a>\n\t\t\t\t\t\t\t\t\t\t\t                                            <div class=\"schedule-slot-info-content\">\n\n                                                <p class=\"schedule-speaker speaker-1\">\n\t\t\t\t\t\t\t\t\t\t\t\t\t\t\t\t\t\t\t\t\t\t\t\t\t\t\tMartin De Loose\t\t\t\t\t\t\t\t\t\t\t\t\t                                                <\/p>\n\n                                                <h3 class=\"schedule-slot-title\">\n\t\t\t\t\t\t\t\t\t\t\t\t\tComment le mod\u00e8le associatif classique peut-il encore fonctionner ?                                                    <!-- <strong>@ Fredric Martinsson <\/strong> -->\n                                                <\/h3>\n                                                <p>\n\t\t\t\t\t\t\t\t\t\t\t\t\t<span data-sheets-root=\"1\">Si l\u2019on regarde les associations classiques, on constate qu\u2019elles connaissent aujourd\u2019hui souvent une baisse du nombre de membres, et que le nombre de sections locales diminue\u202f: des clubs ferment ou fusionnent, souvent faute d\u2019administrateurs pour renforcer ou remplacer l\u2019\u00e9quipe existante. On entend dire que les gens ne s\u2019engagent plus comme membres du conseil d\u2019administration, ou ne se lient m\u00eame plus \u00e0 une association. Tout doit \u00eatre organis\u00e9 de mani\u00e8re souple et ouverte, ce qui soul\u00e8ve de plus en plus de questions sur la pertinence du mod\u00e8le associatif classique aujourd\u2019hui.\n\nDans cet atelier, Martin De Loose montre que le mod\u00e8le associatif classique est toujours vivant et fonctionne, \u00e0 travers son exp\u00e9rience chez Neos ASBL\u202f: une association traditionnelle de membres qui continue de cro\u00eetre sans interruption, tant en nombre de membres qu\u2019en nombre de clubs, et o\u00f9 l\u2019on trouve encore aujourd\u2019hui des personnes pr\u00eates \u00e0 s\u2019engager comme administrateurs.\n\nL\u2019association ne meurt pas. Vive l\u2019association classique\u202f!\r\n<\/span>                                                <\/p>\n                                            <\/div>\n                                            <!--Info content end -->\n                                        <\/div>\n                                        <!-- Slot info end -->\n                                    <\/div>\n\t\t\t\t\t\t\t\t\t\t\t\t\t\t\t\t\t                                    <div class=\"schedule-listing\">\n                                        <div class=\"schedule-slot-time\">\n                                            <span> 14h45-16h00 <\/span>\n\n                                        <\/div>\n                                        <div class=\"schedule-slot-info\">\n\t\t\t\t\t\t\t\t\t\t\t                                                <a target=\"_blank\"\n                                                   href=\"https:\/\/connectandact.be\/fr\/speakers\/ingrid-vanderhoeven\/\">\n                                                    <img decoding=\"async\" class=\"schedule-slot-speakers\"\n                                                         src=\"https:\/\/connectandact.be\/wp-content\/uploads\/2026\/02\/Ingrid-Vanderhoeven-1.png\"\n                                                         alt=\" Co-cr\u00e9er une politique du b\u00e9n\u00e9volat \u00e0 l\u2019\u00e9chelle de toute la Flandre\">\n                                                <\/a>\n\t\t\t\t\t\t\t\t\t\t\t                                            <div class=\"schedule-slot-info-content\">\n\n                                                <p class=\"schedule-speaker speaker-1\">\n\t\t\t\t\t\t\t\t\t\t\t\t\t\t\t\t\t\t\t\t\t\t\t\t\t\t\tIngrid Vanderhoeven\t\t\t\t\t\t\t\t\t\t\t\t\t                                                <\/p>\n\n                                                <h3 class=\"schedule-slot-title\">\n\t\t\t\t\t\t\t\t\t\t\t\t\tCo-cr\u00e9er une politique du b\u00e9n\u00e9volat \u00e0 l\u2019\u00e9chelle de toute la Flandre                                                    <!-- <strong>@ Fredric Martinsson <\/strong> -->\n                                                <\/h3>\n                                                <p>\n\t\t\t\t\t\t\t\t\t\t\t\t\t<span data-sheets-root=\"1\">Les b\u00e9n\u00e9voles de Tele-Onthaal forment un groupe \u00e0 part : des personnes qui recueillent des r\u00e9cits venus de tous les recoins de notre soci\u00e9t\u00e9 et qui restent pr\u00e9sentes lorsque cela devient profond, tard ou silencieux. En m\u00eame temps, le monde \u00e9volue. Le recrutement devient plus fragile, le d\u00e9part des b\u00e9n\u00e9voles plus rapide, et l\u2019engagement volontaire ne se laisse plus enfermer dans des cadres fixes.\n\nCes deux derni\u00e8res ann\u00e9es, Tele-Onthaal a travers\u00e9 cette transformation de mani\u00e8re consciente, avec ses b\u00e9n\u00e9voles et ses coll\u00e8gues. D\u2019anciennes certitudes ont \u00e9t\u00e9 abandonn\u00e9es, de nouvelles formes explor\u00e9es. Dans une mise en sc\u00e8ne de type talk-show, Ingrid Vanderhoeven, Pia Dewagtere et deux b\u00e9n\u00e9voles de Tele-Onthaal vous emm\u00e8nent au c\u0153ur de cette recherche.\n\nUne recherche autour de moins de contr\u00f4le et davantage de confiance. Autour de syst\u00e8mes qui \u00e9voluent avec les personnes. Autour d\u2019un engagement qui se d\u00e9place, fait une pause, revient et change parfois de forme. Et oui, autour des tensions que cela cr\u00e9e avec les attentes, les habitudes et le fameux \u00ab on a toujours fait comme \u00e7a \u00bb.\n\nIl sera question d\u2019\u00e9coute : quand, o\u00f9 et comment. De visibilit\u00e9 et d\u2019anonymat. D\u2019espace pour r\u00e9fl\u00e9chir ensemble, savoir ensemble et d\u00e9cider ensemble. Et de la mani\u00e8re dont on est accueilli lorsque tout devient trop bruyant \u2014 ou au contraire trop silencieux.\n\nCe chemin vers une action b\u00e9n\u00e9vole plus durable et tourn\u00e9e vers l\u2019avenir n\u2019est pas un r\u00e9cit abouti, mais un regard honn\u00eate sur un parcours parfois chaotique, parfois lent et parfois inconfortable. Mais toujours parcouru ensemble.<\/span>\r\n\r\n.                                                <\/p>\n                                            <\/div>\n                                            <!--Info content end -->\n                                        <\/div>\n                                        <!-- Slot info end -->\n                                    <\/div>\n\t\t\t\t\t\t\t\t                                <!--schedule-listing end -->\n                            <\/div>\n\t\t\t\t\t\t\t\t\t\t\t\t                <\/div>\n            <\/div>\n        <\/div>\n    <\/div>\n    <!-- container end-->\n<\/section>\t\t\t\t<\/div>\n\t\t\t\t<\/div>\n\t\t\t\t<div class=\"elementor-element elementor-element-47ec elementor-align-center elementor-widget elementor-widget-button\" data-id=\"47ec\" data-element_type=\"widget\" data-settings=\"{&quot;ekit_we_effect_on&quot;:&quot;none&quot;}\" data-widget_type=\"button.default\">\n\t\t\t\t<div class=\"elementor-widget-container\">\n\t\t\t\t\t\t\t\t\t<div class=\"elementor-button-wrapper\">\n\t\t\t\t\t<a class=\"elementor-button elementor-button-link elementor-size-md\" href=\"#\">\n\t\t\t\t\t\t<span class=\"elementor-button-content-wrapper\">\n\t\t\t\t\t\t\t\t\t<span class=\"elementor-button-text\">More Details<\/span>\n\t\t\t\t\t<\/span>\n\t\t\t\t\t<\/a>\n\t\t\t\t<\/div>\n\t\t\t\t\t\t\t\t<\/div>\n\t\t\t\t<\/div>\n\t\t\t\t\t<\/div>\n\t\t<\/div>\n\t\t\t\t\t<\/div>\n\t\t<\/section>\n\t\t\t\t<section class=\"elementor-section elementor-top-section elementor-element elementor-element-4516 elementor-section-boxed elementor-section-height-default elementor-section-height-default\" data-id=\"4516\" data-element_type=\"section\" data-settings=\"{&quot;background_background&quot;:&quot;classic&quot;}\">\n\t\t\t\t\t\t\t<div class=\"elementor-background-overlay\"><\/div>\n\t\t\t\t\t\t\t<div class=\"elementor-container elementor-column-gap-default\">\n\t\t\t\t\t<div class=\"elementor-column elementor-col-100 elementor-top-column elementor-element elementor-element-1a31\" data-id=\"1a31\" data-element_type=\"column\">\n\t\t\t<div class=\"elementor-widget-wrap elementor-element-populated\">\n\t\t\t\t\t\t<div class=\"elementor-element elementor-element-51bb elementor-widget elementor-widget-exhibz-title\" data-id=\"51bb\" data-element_type=\"widget\" data-settings=\"{&quot;ekit_we_effect_on&quot;:&quot;none&quot;}\" data-widget_type=\"exhibz-title.default\">\n\t\t\t\t<div class=\"elementor-widget-container\">\n\t\t\t\t\t\n    <div class=\"title-section-area\">\n        <h2 class=\"section-title\">\n            <span class=\"sub-title\">HURRY UP!<\/span>\n\t\t\tBook your Seat        <\/h2>\n\t\t                    <span class=\"title-shape\">\n                  <svg xmlns='http:\/\/www.w3.org\/2000\/svg' xmlns:xlink='http:\/\/www.w3.org\/1999\/xlink' width='71px' height='11px'> <path fill-rule='evenodd' d='M59.669,10.710 L49.164,3.306 L39.428,10.681 L29.714,3.322 L20.006,10.682 L10.295,3.322 L1.185,10.228 L-0.010,8.578 L10.295,0.765 L20.006,8.125 L29.714,0.765 L39.428,8.125 L49.122,0.781 L59.680,8.223 L69.858,1.192 L70.982,2.895 L59.669,10.710 Z'\/><\/svg>\n            <\/span>\n                    <\/div><!-- Section title -->\n    \n    \n\n    \t\t\t\t<\/div>\n\t\t\t\t<\/div>\n\t\t\t\t<div class=\"elementor-element elementor-element-76d8 elementor-align-center elementor-widget elementor-widget-button\" data-id=\"76d8\" data-element_type=\"widget\" data-settings=\"{&quot;ekit_we_effect_on&quot;:&quot;none&quot;}\" data-widget_type=\"button.default\">\n\t\t\t\t<div class=\"elementor-widget-container\">\n\t\t\t\t\t\t\t\t\t<div class=\"elementor-button-wrapper\">\n\t\t\t\t\t<a class=\"elementor-button elementor-button-link elementor-size-md\" href=\"#\">\n\t\t\t\t\t\t<span class=\"elementor-button-content-wrapper\">\n\t\t\t\t\t\t\t\t\t<span class=\"elementor-button-text\">Buy Ticket<\/span>\n\t\t\t\t\t<\/span>\n\t\t\t\t\t<\/a>\n\t\t\t\t<\/div>\n\t\t\t\t\t\t\t\t<\/div>\n\t\t\t\t<\/div>\n\t\t\t\t\t<\/div>\n\t\t<\/div>\n\t\t\t\t\t<\/div>\n\t\t<\/section>\n\t\t\t\t<section class=\"elementor-section elementor-top-section elementor-element elementor-element-3d33 ts-newsletter elementor-section-boxed elementor-section-height-default elementor-section-height-default\" data-id=\"3d33\" data-element_type=\"section\">\n\t\t\t\t\t\t<div class=\"elementor-container elementor-column-gap-default\">\n\t\t\t\t\t<div class=\"elementor-column elementor-col-100 elementor-top-column elementor-element elementor-element-1ca2\" data-id=\"1ca2\" data-element_type=\"column\" data-settings=\"{&quot;background_background&quot;:&quot;classic&quot;}\">\n\t\t\t<div class=\"elementor-widget-wrap elementor-element-populated\">\n\t\t\t\t\t<div class=\"elementor-background-overlay\"><\/div>\n\t\t\t\t\t\t<div class=\"elementor-element elementor-element-4e97 elementor-widget elementor-widget-heading\" data-id=\"4e97\" data-element_type=\"widget\" data-settings=\"{&quot;ekit_we_effect_on&quot;:&quot;none&quot;}\" data-widget_type=\"heading.default\">\n\t\t\t\t<div class=\"elementor-widget-container\">\n\t\t\t\t\t<h2 class=\"elementor-heading-title elementor-size-default\">SUBSCRIBE TO NEWSLETTER<\/h2>\t\t\t\t<\/div>\n\t\t\t\t<\/div>\n\t\t\t\t<div class=\"elementor-element elementor-element-2884 elementor-widget elementor-widget-heading\" data-id=\"2884\" data-element_type=\"widget\" data-settings=\"{&quot;ekit_we_effect_on&quot;:&quot;none&quot;}\" data-widget_type=\"heading.default\">\n\t\t\t\t<div class=\"elementor-widget-container\">\n\t\t\t\t\t<h2 class=\"elementor-heading-title elementor-size-default\">Want Something Extra?<\/h2>\t\t\t\t<\/div>\n\t\t\t\t<\/div>\n\t\t\t\t\t<\/div>\n\t\t<\/div>\n\t\t\t\t\t<\/div>\n\t\t<\/section>\n\t\t\t\t<\/div>","protected":false},"excerpt":{"rendered":"<p>SCHEDULE DETAILS Information of Event Schedules World is committed to making participation in the event a harassment free experience for everyone, regardless of level of experience, gender, gender identity and expression Archimedes Room 1 Einstein Plenary 2 Einstein Plenary 3 Einstein Plenary 1 Baekeland Room 2 Copernic Room 3 9:45 &#8211; 10:45 Mathias Crab Buddywerking [&hellip;]<\/p>","protected":false},"author":1,"featured_media":0,"parent":0,"menu_order":0,"comment_status":"closed","ping_status":"closed","template":"template\/full-width-template.php","meta":{"footnotes":""},"class_list":["post-1336","page","type-page","status-publish","hentry"],"yoast_head":"<!-- This site is optimized with the Yoast SEO plugin v26.7 - https:\/\/yoast.com\/wordpress\/plugins\/seo\/ -->\n<title>Schedule Tab I - Connect and Act<\/title>\n<meta name=\"robots\" content=\"index, follow, max-snippet:-1, max-image-preview:large, max-video-preview:-1\" \/>\n<link rel=\"canonical\" href=\"https:\/\/connectandact.be\/fr\/schedule-tab\/\" \/>\n<meta property=\"og:locale\" content=\"fr_FR\" \/>\n<meta property=\"og:type\" content=\"article\" \/>\n<meta property=\"og:title\" content=\"Schedule Tab I - Connect and Act\" \/>\n<meta property=\"og:description\" content=\"SCHEDULE DETAILS Information of Event Schedules World is committed to making participation in the event a harassment free experience for everyone, regardless of level of experience, gender, gender identity and expression Archimedes Room 1 Einstein Plenary 2 Einstein Plenary 3 Einstein Plenary 1 Baekeland Room 2 Copernic Room 3 9:45 &#8211; 10:45 Mathias Crab Buddywerking [&hellip;]\" \/>\n<meta property=\"og:url\" content=\"https:\/\/connectandact.be\/fr\/schedule-tab\/\" \/>\n<meta property=\"og:site_name\" content=\"Connect and Act\" \/>\n<meta property=\"og:image\" content=\"http:\/\/connectandact.be\/wp-content\/uploads\/2023\/11\/mathias-crab-armentekort-1-150x150.png\" \/>\n<meta name=\"twitter:card\" content=\"summary_large_image\" \/>\n<meta name=\"twitter:label1\" content=\"Dur\u00e9e de lecture est.\" \/>\n\t<meta name=\"twitter:data1\" content=\"2 minutes\" \/>\n<script type=\"application\/ld+json\" class=\"yoast-schema-graph\">{\"@context\":\"https:\/\/schema.org\",\"@graph\":[{\"@type\":\"WebPage\",\"@id\":\"https:\/\/connectandact.be\/schedule-tab\/\",\"url\":\"https:\/\/connectandact.be\/schedule-tab\/\",\"name\":\"Schedule Tab I - Connect and Act\",\"isPartOf\":{\"@id\":\"https:\/\/connectandact.be\/#website\"},\"primaryImageOfPage\":{\"@id\":\"https:\/\/connectandact.be\/schedule-tab\/#primaryimage\"},\"image\":{\"@id\":\"https:\/\/connectandact.be\/schedule-tab\/#primaryimage\"},\"thumbnailUrl\":\"http:\/\/connectandact.be\/wp-content\/uploads\/2023\/11\/mathias-crab-armentekort-1-150x150.png\",\"datePublished\":\"2019-01-08T12:04:42+00:00\",\"breadcrumb\":{\"@id\":\"https:\/\/connectandact.be\/schedule-tab\/#breadcrumb\"},\"inLanguage\":\"fr-BE\",\"potentialAction\":[{\"@type\":\"ReadAction\",\"target\":[\"https:\/\/connectandact.be\/schedule-tab\/\"]}]},{\"@type\":\"ImageObject\",\"inLanguage\":\"fr-BE\",\"@id\":\"https:\/\/connectandact.be\/schedule-tab\/#primaryimage\",\"url\":\"http:\/\/connectandact.be\/wp-content\/uploads\/2023\/11\/mathias-crab-armentekort-1-150x150.png\",\"contentUrl\":\"http:\/\/connectandact.be\/wp-content\/uploads\/2023\/11\/mathias-crab-armentekort-1-150x150.png\"},{\"@type\":\"BreadcrumbList\",\"@id\":\"https:\/\/connectandact.be\/schedule-tab\/#breadcrumb\",\"itemListElement\":[{\"@type\":\"ListItem\",\"position\":1,\"name\":\"Home\",\"item\":\"https:\/\/connectandact.be\/\"},{\"@type\":\"ListItem\",\"position\":2,\"name\":\"Schedule Tab I\"}]},{\"@type\":\"WebSite\",\"@id\":\"https:\/\/connectandact.be\/#website\",\"url\":\"https:\/\/connectandact.be\/\",\"name\":\"Connect and Act\",\"description\":\"Nationaal congres vrijwilligerswerk en burenhulp\",\"publisher\":{\"@id\":\"https:\/\/connectandact.be\/#organization\"},\"potentialAction\":[{\"@type\":\"SearchAction\",\"target\":{\"@type\":\"EntryPoint\",\"urlTemplate\":\"https:\/\/connectandact.be\/?s={search_term_string}\"},\"query-input\":{\"@type\":\"PropertyValueSpecification\",\"valueRequired\":true,\"valueName\":\"search_term_string\"}}],\"inLanguage\":\"fr-BE\"},{\"@type\":\"Organization\",\"@id\":\"https:\/\/connectandact.be\/#organization\",\"name\":\"Connect and Act\",\"url\":\"https:\/\/connectandact.be\/\",\"logo\":{\"@type\":\"ImageObject\",\"inLanguage\":\"fr-BE\",\"@id\":\"https:\/\/connectandact.be\/#\/schema\/logo\/image\/\",\"url\":\"https:\/\/connectandact.be\/wp-content\/uploads\/2024\/10\/Connect-and-Act-1599-x-500-px.png\",\"contentUrl\":\"https:\/\/connectandact.be\/wp-content\/uploads\/2024\/10\/Connect-and-Act-1599-x-500-px.png\",\"width\":1599,\"height\":500,\"caption\":\"Connect and Act\"},\"image\":{\"@id\":\"https:\/\/connectandact.be\/#\/schema\/logo\/image\/\"}}]}<\/script>\n<!-- \/ Yoast SEO plugin. -->","yoast_head_json":{"title":"Schedule Tab I - Connect and Act","robots":{"index":"index","follow":"follow","max-snippet":"max-snippet:-1","max-image-preview":"max-image-preview:large","max-video-preview":"max-video-preview:-1"},"canonical":"https:\/\/connectandact.be\/fr\/schedule-tab\/","og_locale":"fr_FR","og_type":"article","og_title":"Schedule Tab I - Connect and Act","og_description":"SCHEDULE DETAILS Information of Event Schedules World is committed to making participation in the event a harassment free experience for everyone, regardless of level of experience, gender, gender identity and expression Archimedes Room 1 Einstein Plenary 2 Einstein Plenary 3 Einstein Plenary 1 Baekeland Room 2 Copernic Room 3 9:45 &#8211; 10:45 Mathias Crab Buddywerking [&hellip;]","og_url":"https:\/\/connectandact.be\/fr\/schedule-tab\/","og_site_name":"Connect and Act","og_image":[{"url":"http:\/\/connectandact.be\/wp-content\/uploads\/2023\/11\/mathias-crab-armentekort-1-150x150.png","type":"","width":"","height":""}],"twitter_card":"summary_large_image","twitter_misc":{"Dur\u00e9e de lecture est.":"2 minutes"},"schema":{"@context":"https:\/\/schema.org","@graph":[{"@type":"WebPage","@id":"https:\/\/connectandact.be\/schedule-tab\/","url":"https:\/\/connectandact.be\/schedule-tab\/","name":"Schedule Tab I - Connect and Act","isPartOf":{"@id":"https:\/\/connectandact.be\/#website"},"primaryImageOfPage":{"@id":"https:\/\/connectandact.be\/schedule-tab\/#primaryimage"},"image":{"@id":"https:\/\/connectandact.be\/schedule-tab\/#primaryimage"},"thumbnailUrl":"http:\/\/connectandact.be\/wp-content\/uploads\/2023\/11\/mathias-crab-armentekort-1-150x150.png","datePublished":"2019-01-08T12:04:42+00:00","breadcrumb":{"@id":"https:\/\/connectandact.be\/schedule-tab\/#breadcrumb"},"inLanguage":"fr-BE","potentialAction":[{"@type":"ReadAction","target":["https:\/\/connectandact.be\/schedule-tab\/"]}]},{"@type":"ImageObject","inLanguage":"fr-BE","@id":"https:\/\/connectandact.be\/schedule-tab\/#primaryimage","url":"http:\/\/connectandact.be\/wp-content\/uploads\/2023\/11\/mathias-crab-armentekort-1-150x150.png","contentUrl":"http:\/\/connectandact.be\/wp-content\/uploads\/2023\/11\/mathias-crab-armentekort-1-150x150.png"},{"@type":"BreadcrumbList","@id":"https:\/\/connectandact.be\/schedule-tab\/#breadcrumb","itemListElement":[{"@type":"ListItem","position":1,"name":"Home","item":"https:\/\/connectandact.be\/"},{"@type":"ListItem","position":2,"name":"Schedule Tab I"}]},{"@type":"WebSite","@id":"https:\/\/connectandact.be\/#website","url":"https:\/\/connectandact.be\/","name":"Connect and Act logo","description":"Nationaal congres vrijwilligerswerk en burenhulp","publisher":{"@id":"https:\/\/connectandact.be\/#organization"},"potentialAction":[{"@type":"SearchAction","target":{"@type":"EntryPoint","urlTemplate":"https:\/\/connectandact.be\/?s={search_term_string}"},"query-input":{"@type":"PropertyValueSpecification","valueRequired":true,"valueName":"search_term_string"}}],"inLanguage":"fr-BE"},{"@type":"Organization","@id":"https:\/\/connectandact.be\/#organization","name":"Connect and Act logo","url":"https:\/\/connectandact.be\/","logo":{"@type":"ImageObject","inLanguage":"fr-BE","@id":"https:\/\/connectandact.be\/#\/schema\/logo\/image\/","url":"https:\/\/connectandact.be\/wp-content\/uploads\/2024\/10\/Connect-and-Act-1599-x-500-px.png","contentUrl":"https:\/\/connectandact.be\/wp-content\/uploads\/2024\/10\/Connect-and-Act-1599-x-500-px.png","width":1599,"height":500,"caption":"Connect and Act"},"image":{"@id":"https:\/\/connectandact.be\/#\/schema\/logo\/image\/"}}]}},"_links":{"self":[{"href":"https:\/\/connectandact.be\/fr\/wp-json\/wp\/v2\/pages\/1336","targetHints":{"allow":["GET"]}}],"collection":[{"href":"https:\/\/connectandact.be\/fr\/wp-json\/wp\/v2\/pages"}],"about":[{"href":"https:\/\/connectandact.be\/fr\/wp-json\/wp\/v2\/types\/page"}],"author":[{"embeddable":true,"href":"https:\/\/connectandact.be\/fr\/wp-json\/wp\/v2\/users\/1"}],"replies":[{"embeddable":true,"href":"https:\/\/connectandact.be\/fr\/wp-json\/wp\/v2\/comments?post=1336"}],"version-history":[{"count":0,"href":"https:\/\/connectandact.be\/fr\/wp-json\/wp\/v2\/pages\/1336\/revisions"}],"wp:attachment":[{"href":"https:\/\/connectandact.be\/fr\/wp-json\/wp\/v2\/media?parent=1336"}],"curies":[{"name":"wp","href":"https:\/\/api.w.org\/{rel}","templated":true}]}}