{"id":1289,"date":"2019-01-08T10:58:32","date_gmt":"2019-01-08T10:58:32","guid":{"rendered":"http:\/\/localhost\/Exhibz\/?page_id=1289"},"modified":"2019-01-08T10:58:32","modified_gmt":"2019-01-08T10:58:32","slug":"speakers-i","status":"publish","type":"page","link":"https:\/\/connectandact.be\/fr\/speakers-i\/","title":{"rendered":"Speakers Style I"},"content":{"rendered":"<div data-elementor-type=\"wp-post\" data-elementor-id=\"1289\" class=\"elementor elementor-1289\">\n\t\t\t\t\t\t<section class=\"elementor-section elementor-top-section elementor-element elementor-element-5cda elementor-section-boxed elementor-section-height-default elementor-section-height-default\" data-id=\"5cda\" data-element_type=\"section\" data-settings=\"{&quot;background_background&quot;:&quot;classic&quot;}\">\n\t\t\t\t\t\t\t<div class=\"elementor-background-overlay\"><\/div>\n\t\t\t\t\t\t\t<div class=\"elementor-container elementor-column-gap-default\">\n\t\t\t\t\t<div class=\"elementor-column elementor-col-100 elementor-top-column elementor-element elementor-element-6685\" data-id=\"6685\" data-element_type=\"column\">\n\t\t\t<div class=\"elementor-widget-wrap elementor-element-populated\">\n\t\t\t\t\t\t<section class=\"elementor-section elementor-inner-section elementor-element elementor-element-51e elementor-section-boxed elementor-section-height-default elementor-section-height-default\" data-id=\"51e\" data-element_type=\"section\">\n\t\t\t\t\t\t<div class=\"elementor-container elementor-column-gap-default\">\n\t\t\t\t\t<div class=\"elementor-column elementor-col-100 elementor-inner-column elementor-element elementor-element-3559\" data-id=\"3559\" data-element_type=\"column\">\n\t\t\t<div class=\"elementor-widget-wrap elementor-element-populated\">\n\t\t\t\t\t\t<div class=\"elementor-element elementor-element-65a0 elementor-widget elementor-widget-exhibz-title\" data-id=\"65a0\" data-element_type=\"widget\" data-settings=\"{&quot;ekit_we_effect_on&quot;:&quot;none&quot;}\" data-widget_type=\"exhibz-title.default\">\n\t\t\t\t<div class=\"elementor-widget-container\">\n\t\t\t\t\t\n    <div class=\"title-section-area\">\n        <h2 class=\"section-title\">\n            <span class=\"sub-title\">LISTEN TO THE<\/span>\n\t\t\tKeynote Speakers        <\/h2>\n\t\t                    <span class=\"title-shape\">\n                  <svg xmlns='http:\/\/www.w3.org\/2000\/svg' xmlns:xlink='http:\/\/www.w3.org\/1999\/xlink' width='71px' height='11px'> <path fill-rule='evenodd' d='M59.669,10.710 L49.164,3.306 L39.428,10.681 L29.714,3.322 L20.006,10.682 L10.295,3.322 L1.185,10.228 L-0.010,8.578 L10.295,0.765 L20.006,8.125 L29.714,0.765 L39.428,8.125 L49.122,0.781 L59.680,8.223 L69.858,1.192 L70.982,2.895 L59.669,10.710 Z'\/><\/svg>\n            <\/span>\n                    <\/div><!-- Section title -->\n    \n    \n\n    \t\t\t\t<\/div>\n\t\t\t\t<\/div>\n\t\t\t\t\t<\/div>\n\t\t<\/div>\n\t\t\t\t\t<\/div>\n\t\t<\/section>\n\t\t\t\t<section class=\"elementor-section elementor-inner-section elementor-element elementor-element-31f7 elementor-section-boxed elementor-section-height-default elementor-section-height-default\" data-id=\"31f7\" data-element_type=\"section\">\n\t\t\t\t\t\t<div class=\"elementor-container elementor-column-gap-default\">\n\t\t\t\t\t<div class=\"elementor-column elementor-col-33 elementor-inner-column elementor-element elementor-element-552a\" data-id=\"552a\" data-element_type=\"column\">\n\t\t\t<div class=\"elementor-widget-wrap elementor-element-populated\">\n\t\t\t\t\t\t<div class=\"elementor-element elementor-element-4e15 elementor-widget elementor-widget-exhibz-speaker\" data-id=\"4e15\" data-element_type=\"widget\" data-settings=\"{&quot;ekit_we_effect_on&quot;:&quot;none&quot;}\" data-widget_type=\"exhibz-speaker.default\">\n\t\t\t\t<div class=\"elementor-widget-container\">\n\t\t\t\t\t\t\t\t\n\n\t\t\t            <section class=\"ts-speakers-standard ts-speakers speaker-classic section-bg\">\n                <div class=\"ts-speaker\" style=\"--speaker-color: #25cd44\">\n                    <div class=\"speaker-img\">\n\t\t\t\t\t\t                            <img decoding=\"async\" src=\"\/\/connectandact.be\/wp-content\/uploads\/2023\/11\/bart-wolput-directeur-give-a-day-1.png\"\n                                 alt=\"\">\n\t\t\t\t\t\t                        <a href=\"#popup_4e152144\"\n                           class=\"view-speaker ts-image-popup\" data-effect=\"mfp-zoom-in\">\n                            <i class=\"icon icon-plus\"><\/i>\n                        <\/a>\n                    <\/div>\n                    <div class=\"ts-speaker-info\">\n                        <h3 class=\"ts-title\">\n                            <a href=\"https:\/\/connectandact.be\/fr\/?post_type=ts-speaker&p=2144\"> Bart Wolput <\/a>\n                        <\/h3>\n                        <p>\n\t\t\t\t\t\t\tDirecteur g\u00e9n\u00e9ral, Give a Day                        <\/p>\n                    <\/div>\n                    <!--- speaker info end -->\n                    <!-- popup start-->\n                    <div id=\"popup_4e152144\"\n                         class=\"container ts-speaker-popup mfp-hide\">\n                        <div class=\"row\">\n                            <div class=\"col-lg-6\">\n                                <div class=\"ts-speaker-popup-img\">\n\t\t\t\t\t\t\t\t\t                                        <img decoding=\"async\" src=\"\/\/connectandact.be\/wp-content\/uploads\/2023\/11\/bart-wolput-directeur-give-a-day-1.png\"\n                                             alt=\"\">\n\t\t\t\t\t\t\t\t\t                                <\/div>\n                            <\/div>\n                            <!-- col end-->\n                            <div class=\"col-lg-6\">\n                                <div class=\"ts-speaker-popup-content\">\n                                    <h3 class=\"ts-title\"><a\n                                                href=\"https:\/\/connectandact.be\/fr\/?post_type=ts-speaker&p=2144\"> Bart Wolput <\/a>\n                                    <\/h3>\n                                    <span class=\"speakder-designation\"> Directeur g\u00e9n\u00e9ral, Give a Day<\/span>\n\t\t\t\t\t\t\t\t\t                                        <img decoding=\"async\" src=\"\/\/connectandact.be\/wp-content\/uploads\/2023\/11\/Copy-of-GiveADay_logo_horizontal_CMYK_300PPI-1.png\"\n                                             alt=\"\">\n\t\t\t\t\t\t\t\t\t                                    <p>\n\t\t\t\t\t\t\t\t\t\t<p>PhD avec une expertise dans les Smart Cities sociales, professeur de troisi\u00e8me cycle en volontariat \u00e0 l'AP College et fondateur de Give a Day.<\/p><p>Bart a \u00e9t\u00e9 mordu enfant par la solidarit\u00e9 et a \u00e9t\u00e9 pouss\u00e9 \u00e0 la renforcer, il ne supporte pas la pauvret\u00e9 et l'exclusion, il a toujours fait du b\u00e9n\u00e9volat, il aime r\u00e9soudre les probl\u00e8mes et changer le monde pour le meilleur une fois pour toutes.<\/p>                                    <\/p>\n                                    <div class=\"ts-speakers-social\">\n\t\t\t\t\t\t\t\t\t\t\t\t\t\t\t\t\t\t\t\t\t                                                <a href=\"http:\/\/www.giveaday.be\"\n                                                   rel=\"noreferrer\" target=\"_blank\">\n                                                    <i class=\"\"><\/i>\n                                                <\/a>\n\t\t\t\t\t\t\t\t\t\t\t\t\t\t\t\t\t\t\t\t\t                                    <\/div>\n                                <\/div>\n                                <!-- ts-speaker-popup-content end-->\n                            <\/div>\n                            <!-- col end-->\n                        <\/div>\n                        <!-- row end-->\n                    <\/div>\n                    <!-- popup end-->\n                <\/div>\n            <\/section>\n            <!-- ts-speaker end  -->\n\t\t\n\t\t\t\n\t\t\t\n\n\t\t\t\t\t\t<\/div>\n\t\t\t\t<\/div>\n\t\t\t\t\t<\/div>\n\t\t<\/div>\n\t\t\t\t<div class=\"elementor-column elementor-col-33 elementor-inner-column elementor-element elementor-element-48b8\" data-id=\"48b8\" data-element_type=\"column\">\n\t\t\t<div class=\"elementor-widget-wrap elementor-element-populated\">\n\t\t\t\t\t\t<div class=\"elementor-element elementor-element-5f82 elementor-widget elementor-widget-exhibz-speaker\" data-id=\"5f82\" data-element_type=\"widget\" data-settings=\"{&quot;ekit_we_effect_on&quot;:&quot;none&quot;}\" data-widget_type=\"exhibz-speaker.default\">\n\t\t\t\t<div class=\"elementor-widget-container\">\n\t\t\t\t\t\t\t\t\n\n\t\t\t            <section class=\"ts-speakers-standard ts-speakers speaker-classic section-bg\">\n                <div class=\"ts-speaker\" style=\"--speaker-color: #25cd44\">\n                    <div class=\"speaker-img\">\n\t\t\t\t\t\t                            <img decoding=\"async\" src=\"\/\/connectandact.be\/wp-content\/uploads\/2023\/11\/charlotte-vroemans-give-a-day-1.png\"\n                                 alt=\"\">\n\t\t\t\t\t\t                        <a href=\"#popup_5f822228\"\n                           class=\"view-speaker ts-image-popup\" data-effect=\"mfp-zoom-in\">\n                            <i class=\"icon icon-plus\"><\/i>\n                        <\/a>\n                    <\/div>\n                    <div class=\"ts-speaker-info\">\n                        <h3 class=\"ts-title\">\n                            <a href=\"https:\/\/connectandact.be\/fr\/?post_type=ts-speaker&p=2228\"> Charlotte Vroemans <\/a>\n                        <\/h3>\n                        <p>\n\t\t\t\t\t\t\tExperte en CSR\/RSE en Entreprises, Give a Day                        <\/p>\n                    <\/div>\n                    <!--- speaker info end -->\n                    <!-- popup start-->\n                    <div id=\"popup_5f822228\"\n                         class=\"container ts-speaker-popup mfp-hide\">\n                        <div class=\"row\">\n                            <div class=\"col-lg-6\">\n                                <div class=\"ts-speaker-popup-img\">\n\t\t\t\t\t\t\t\t\t                                        <img decoding=\"async\" src=\"\/\/connectandact.be\/wp-content\/uploads\/2023\/11\/charlotte-vroemans-give-a-day-1.png\"\n                                             alt=\"\">\n\t\t\t\t\t\t\t\t\t                                <\/div>\n                            <\/div>\n                            <!-- col end-->\n                            <div class=\"col-lg-6\">\n                                <div class=\"ts-speaker-popup-content\">\n                                    <h3 class=\"ts-title\"><a\n                                                href=\"https:\/\/connectandact.be\/fr\/?post_type=ts-speaker&p=2228\"> Charlotte Vroemans <\/a>\n                                    <\/h3>\n                                    <span class=\"speakder-designation\"> Experte en CSR\/RSE en Entreprises, Give a Day<\/span>\n\t\t\t\t\t\t\t\t\t                                        <img decoding=\"async\" src=\"\/\/connectandact.be\/wp-content\/uploads\/2023\/11\/Copy-of-GiveADay_logo_horizontal_CMYK_300PPI-1.png\"\n                                             alt=\"\">\n\t\t\t\t\t\t\t\t\t                                    <p>\n\t\t\t\t\t\t\t\t\t\t<p><span>Charlotte Vroemans est chef de projet chez Give a Day. Elle est toujours \u00e0 la recherche des meilleurs moyens pour avoir un impact en mettant en relation les entreprises et les associations. Elle organise des teambuildings solidaires et, en tant qu'experte en b\u00e9n\u00e9volat d'entreprise, conseille les entreprises sur des sujets tels que l'engagement des employ\u00e9s et la responsabilit\u00e9 soci\u00e9tale des entreprises (RSE).<\/span><\/p><p>Charlotte s'est elle-m\u00eame engag\u00e9e aupr\u00e8s de diverses organisations : en tant que membre du conseil d'une ONG de responsabilisation des jeunes, en tant que membre d'une organisation de lutte contre la pauvret\u00e9 ou en tant qu'organisatrice enthousiaste d'activit\u00e9s amusantes de collecte de fonds pour diverses organisations.<\/p>                                    <\/p>\n                                    <div class=\"ts-speakers-social\">\n\t\t\t\t\t\t\t\t\t\t\t\t\t\t\t\t\t\t\t\t\t                                                <a href=\"http:\/\/www.giveaday.be\"\n                                                   rel=\"noreferrer\" target=\"_blank\">\n                                                    <i class=\"\"><\/i>\n                                                <\/a>\n\t\t\t\t\t\t\t\t\t\t\t\t\t\t\t\t\t\t\t\t\t                                    <\/div>\n                                <\/div>\n                                <!-- ts-speaker-popup-content end-->\n                            <\/div>\n                            <!-- col end-->\n                        <\/div>\n                        <!-- row end-->\n                    <\/div>\n                    <!-- popup end-->\n                <\/div>\n            <\/section>\n            <!-- ts-speaker end  -->\n\t\t\n\t\t\t\n\t\t\t\n\n\t\t\t\t\t\t<\/div>\n\t\t\t\t<\/div>\n\t\t\t\t\t<\/div>\n\t\t<\/div>\n\t\t\t\t<div class=\"elementor-column elementor-col-33 elementor-inner-column elementor-element elementor-element-19f6\" data-id=\"19f6\" data-element_type=\"column\">\n\t\t\t<div class=\"elementor-widget-wrap elementor-element-populated\">\n\t\t\t\t\t\t<div class=\"elementor-element elementor-element-76d0 elementor-widget elementor-widget-exhibz-speaker\" data-id=\"76d0\" data-element_type=\"widget\" data-settings=\"{&quot;ekit_we_effect_on&quot;:&quot;none&quot;}\" data-widget_type=\"exhibz-speaker.default\">\n\t\t\t\t<div class=\"elementor-widget-container\">\n\t\t\t\t\t\t\t\t\n\n\t\t\t            <section class=\"ts-speakers-standard ts-speakers speaker-classic section-bg\">\n                <div class=\"ts-speaker\" style=\"--speaker-color: #25cd44\">\n                    <div class=\"speaker-img\">\n\t\t\t\t\t\t                            <img decoding=\"async\" src=\"\/\/connectandact.be\/wp-content\/uploads\/2023\/11\/mathieu-jacobs.jpg-1.png\"\n                                 alt=\"\">\n\t\t\t\t\t\t                        <a href=\"#popup_76d02149\"\n                           class=\"view-speaker ts-image-popup\" data-effect=\"mfp-zoom-in\">\n                            <i class=\"icon icon-plus\"><\/i>\n                        <\/a>\n                    <\/div>\n                    <div class=\"ts-speaker-info\">\n                        <h3 class=\"ts-title\">\n                            <a href=\"https:\/\/connectandact.be\/fr\/?post_type=ts-speaker&p=2149\"> Mathieu Jacobs <\/a>\n                        <\/h3>\n                        <p>\n\t\t\t\t\t\t\tCoordinateur g\u00e9n\u00e9ral, Give a Day                        <\/p>\n                    <\/div>\n                    <!--- speaker info end -->\n                    <!-- popup start-->\n                    <div id=\"popup_76d02149\"\n                         class=\"container ts-speaker-popup mfp-hide\">\n                        <div class=\"row\">\n                            <div class=\"col-lg-6\">\n                                <div class=\"ts-speaker-popup-img\">\n\t\t\t\t\t\t\t\t\t                                        <img decoding=\"async\" src=\"\/\/connectandact.be\/wp-content\/uploads\/2023\/11\/mathieu-jacobs.jpg-1.png\"\n                                             alt=\"\">\n\t\t\t\t\t\t\t\t\t                                <\/div>\n                            <\/div>\n                            <!-- col end-->\n                            <div class=\"col-lg-6\">\n                                <div class=\"ts-speaker-popup-content\">\n                                    <h3 class=\"ts-title\"><a\n                                                href=\"https:\/\/connectandact.be\/fr\/?post_type=ts-speaker&p=2149\"> Mathieu Jacobs <\/a>\n                                    <\/h3>\n                                    <span class=\"speakder-designation\"> Coordinateur g\u00e9n\u00e9ral, Give a Day<\/span>\n\t\t\t\t\t\t\t\t\t                                        <img decoding=\"async\" src=\"\/\/connectandact.be\/wp-content\/uploads\/2023\/11\/Copy-of-GiveADay_logo_horizontal_CMYK_300PPI-1.png\"\n                                             alt=\"\">\n\t\t\t\t\t\t\t\t\t                                    <p>\n\t\t\t\t\t\t\t\t\t\t<p>Avocat, fondateur de TwoDays ASBL, cofondateur et pr\u00e9sident de Give a Day. Il est motiv\u00e9 par l'action citoyenne et la puissance de l'ensemble. P\u00e8re de 4 enfants, il a toujours \u00e9t\u00e9 engag\u00e9. Sa volont\u00e9 est de favoriser la coop\u00e9ration et la cr\u00e9ation d'un \u00e9cosyst\u00e8me vertueux.<\/p>                                    <\/p>\n                                    <div class=\"ts-speakers-social\">\n\t\t\t\t\t\t\t\t\t\t\t\t\t\t\t\t\t\t\t\t\t                                                <a href=\"http:\/\/www.giveaday.be\"\n                                                   rel=\"noreferrer\" target=\"_blank\">\n                                                    <i class=\"\"><\/i>\n                                                <\/a>\n\t\t\t\t\t\t\t\t\t\t\t\t\t\t\t\t\t\t\t\t\t                                    <\/div>\n                                <\/div>\n                                <!-- ts-speaker-popup-content end-->\n                            <\/div>\n                            <!-- col end-->\n                        <\/div>\n                        <!-- row end-->\n                    <\/div>\n                    <!-- popup end-->\n                <\/div>\n            <\/section>\n            <!-- ts-speaker end  -->\n\t\t\n\t\t\t\n\t\t\t\n\n\t\t\t\t\t\t<\/div>\n\t\t\t\t<\/div>\n\t\t\t\t\t<\/div>\n\t\t<\/div>\n\t\t\t\t\t<\/div>\n\t\t<\/section>\n\t\t\t\t\t<\/div>\n\t\t<\/div>\n\t\t\t\t\t<\/div>\n\t\t<\/section>\n\t\t\t\t<section class=\"elementor-section elementor-top-section elementor-element elementor-element-32ba elementor-section-boxed elementor-section-height-default elementor-section-height-default\" data-id=\"32ba\" data-element_type=\"section\" data-settings=\"{&quot;background_background&quot;:&quot;classic&quot;}\">\n\t\t\t\t\t\t\t<div class=\"elementor-background-overlay\"><\/div>\n\t\t\t\t\t\t\t<div class=\"elementor-container elementor-column-gap-default\">\n\t\t\t\t\t<div class=\"elementor-column elementor-col-100 elementor-top-column elementor-element elementor-element-67e5\" data-id=\"67e5\" data-element_type=\"column\">\n\t\t\t<div class=\"elementor-widget-wrap elementor-element-populated\">\n\t\t\t\t\t\t<section class=\"elementor-section elementor-inner-section elementor-element elementor-element-4fe elementor-section-boxed elementor-section-height-default elementor-section-height-default\" data-id=\"4fe\" data-element_type=\"section\">\n\t\t\t\t\t\t<div class=\"elementor-container elementor-column-gap-default\">\n\t\t\t\t\t<div class=\"elementor-column elementor-col-100 elementor-inner-column elementor-element elementor-element-48b9\" data-id=\"48b9\" data-element_type=\"column\">\n\t\t\t<div class=\"elementor-widget-wrap elementor-element-populated\">\n\t\t\t\t\t\t<div class=\"elementor-element elementor-element-2a80 elementor-widget elementor-widget-exhibz-title\" data-id=\"2a80\" data-element_type=\"widget\" data-settings=\"{&quot;ekit_we_effect_on&quot;:&quot;none&quot;}\" data-widget_type=\"exhibz-title.default\">\n\t\t\t\t<div class=\"elementor-widget-container\">\n\t\t\t\t\t\n    <div class=\"title-section-area\">\n        <h2 class=\"section-title\">\n            <span class=\"sub-title\">LISTEN TO THE<\/span>\n\t\t\tEvent Speakers        <\/h2>\n\t\t                    <span class=\"title-shape\">\n                  <svg xmlns='http:\/\/www.w3.org\/2000\/svg' xmlns:xlink='http:\/\/www.w3.org\/1999\/xlink' width='71px' height='11px'> <path fill-rule='evenodd' d='M59.669,10.710 L49.164,3.306 L39.428,10.681 L29.714,3.322 L20.006,10.682 L10.295,3.322 L1.185,10.228 L-0.010,8.578 L10.295,0.765 L20.006,8.125 L29.714,0.765 L39.428,8.125 L49.122,0.781 L59.680,8.223 L69.858,1.192 L70.982,2.895 L59.669,10.710 Z'\/><\/svg>\n            <\/span>\n                    <\/div><!-- Section title -->\n    \n    \n\n    \t\t\t\t<\/div>\n\t\t\t\t<\/div>\n\t\t\t\t\t<\/div>\n\t\t<\/div>\n\t\t\t\t\t<\/div>\n\t\t<\/section>\n\t\t\t\t<section class=\"elementor-section elementor-inner-section elementor-element elementor-element-5057 elementor-section-boxed elementor-section-height-default elementor-section-height-default\" data-id=\"5057\" data-element_type=\"section\">\n\t\t\t\t\t\t<div class=\"elementor-container elementor-column-gap-default\">\n\t\t\t\t\t<div class=\"elementor-column elementor-col-25 elementor-inner-column elementor-element elementor-element-6eac\" data-id=\"6eac\" data-element_type=\"column\">\n\t\t\t<div class=\"elementor-widget-wrap elementor-element-populated\">\n\t\t\t\t\t\t<div class=\"elementor-element elementor-element-345f elementor-widget elementor-widget-exhibz-speaker\" data-id=\"345f\" data-element_type=\"widget\" data-settings=\"{&quot;ekit_we_effect_on&quot;:&quot;none&quot;}\" data-widget_type=\"exhibz-speaker.default\">\n\t\t\t\t<div class=\"elementor-widget-container\">\n\t\t\t\t\t\t\t\t\n\n\t\t\t            <section class=\"ts-speakers-standard ts-speakers speaker-classic section-bg\">\n                <div class=\"ts-speaker\" style=\"--speaker-color: #25cd44\">\n                    <div class=\"speaker-img\">\n\t\t\t\t\t\t                            <img decoding=\"async\" src=\"\/\/connectandact.be\/wp-content\/uploads\/2018\/12\/Koen-Vermeulen-Vrijwilligerswerkwerkt-1-1.png\"\n                                 alt=\"\">\n\t\t\t\t\t\t                        <a href=\"#popup_345f219\"\n                           class=\"view-speaker ts-image-popup\" data-effect=\"mfp-zoom-in\">\n                            <i class=\"icon icon-plus\"><\/i>\n                        <\/a>\n                    <\/div>\n                    <div class=\"ts-speaker-info\">\n                        <h3 class=\"ts-title\">\n                            <a href=\"https:\/\/connectandact.be\/fr\/?post_type=ts-speaker&p=219\"> Koen Vermeulen <\/a>\n                        <\/h3>\n                        <p>\n\t\t\t\t\t\t\tManager, Vrijwilligerswerkwerkt                        <\/p>\n                    <\/div>\n                    <!--- speaker info end -->\n                    <!-- popup start-->\n                    <div id=\"popup_345f219\"\n                         class=\"container ts-speaker-popup mfp-hide\">\n                        <div class=\"row\">\n                            <div class=\"col-lg-6\">\n                                <div class=\"ts-speaker-popup-img\">\n\t\t\t\t\t\t\t\t\t                                        <img decoding=\"async\" src=\"\/\/connectandact.be\/wp-content\/uploads\/2018\/12\/Koen-Vermeulen-Vrijwilligerswerkwerkt-1-1.png\"\n                                             alt=\"\">\n\t\t\t\t\t\t\t\t\t                                <\/div>\n                            <\/div>\n                            <!-- col end-->\n                            <div class=\"col-lg-6\">\n                                <div class=\"ts-speaker-popup-content\">\n                                    <h3 class=\"ts-title\"><a\n                                                href=\"https:\/\/connectandact.be\/fr\/?post_type=ts-speaker&p=219\"> Koen Vermeulen <\/a>\n                                    <\/h3>\n                                    <span class=\"speakder-designation\"> Manager, Vrijwilligerswerkwerkt<\/span>\n\t\t\t\t\t\t\t\t\t                                        <img decoding=\"async\" src=\"\/\/connectandact.be\/wp-content\/uploads\/2018\/12\/cropped-18-169-VRIJWILLIGERSWERK-WERKT-LOGO-RGB-pos-e1535460636526-3-_1_-1.jpg\"\n                                             alt=\"\">\n\t\t\t\t\t\t\t\t\t                                    <p>\n\t\t\t\t\t\t\t\t\t\t<p><span>Koen est un entrepreneur motiv\u00e9 et passionn\u00e9 par le b\u00e9n\u00e9volat. Actif dans le secteur depuis 1990, il combine une formation en travail social et en gestion des b\u00e9n\u00e9fices sociaux avec un \u00e9tat d'esprit 100% positif. En tant qu'organisateur du b\u00e9n\u00e9volat et consultant\/formateur<\/span><\/p><p><span> en politique du b\u00e9n\u00e9volat, il partage son expertise par le biais de son organisation Vrijwilligerswerkwerkt depuis 2011. Dans \"le job de sa vie\", Koen rassemble un groupe de plus en plus large d'employ\u00e9s autour de passions communes, en ce compris les \"volontaires\", mais aussi le \"leadership\" et le \"d\u00e9veloppement organisationnel\". <\/span><\/p>                                    <\/p>\n                                    <div class=\"ts-speakers-social\">\n\t\t\t\t\t\t\t\t\t\t\t\t\t\t\t\t\t\t\t\t\t                                                <a href=\"https:\/\/vrijwilligerswerkwerkt.be\"\n                                                   rel=\"noreferrer\" target=\"_blank\">\n                                                    <i class=\"\"><\/i>\n                                                <\/a>\n\t\t\t\t\t\t\t\t\t\t\t\t\t\t\t\t\t\t\t\t\t                                    <\/div>\n                                <\/div>\n                                <!-- ts-speaker-popup-content end-->\n                            <\/div>\n                            <!-- col end-->\n                        <\/div>\n                        <!-- row end-->\n                    <\/div>\n                    <!-- popup end-->\n                <\/div>\n            <\/section>\n            <!-- ts-speaker end  -->\n\t\t\n\t\t\t\n\t\t\t\n\n\t\t\t\t\t\t<\/div>\n\t\t\t\t<\/div>\n\t\t\t\t\t<\/div>\n\t\t<\/div>\n\t\t\t\t<div class=\"elementor-column elementor-col-25 elementor-inner-column elementor-element elementor-element-730a\" data-id=\"730a\" data-element_type=\"column\">\n\t\t\t<div class=\"elementor-widget-wrap elementor-element-populated\">\n\t\t\t\t\t\t<div class=\"elementor-element elementor-element-3775 elementor-widget elementor-widget-exhibz-speaker\" data-id=\"3775\" data-element_type=\"widget\" data-settings=\"{&quot;ekit_we_effect_on&quot;:&quot;none&quot;}\" data-widget_type=\"exhibz-speaker.default\">\n\t\t\t\t<div class=\"elementor-widget-container\">\n\t\t\t\t\t\t\t\t\n\n\t\t\t            <section class=\"ts-speakers-standard ts-speakers speaker-classic section-bg\">\n                <div class=\"ts-speaker\" style=\"--speaker-color: #25cd44\">\n                    <div class=\"speaker-img\">\n\t\t\t\t\t\t                            <img decoding=\"async\" src=\"\/\/connectandact.be\/wp-content\/uploads\/2018\/12\/Luc-De-Brabandere-1-1.png\"\n                                 alt=\"\">\n\t\t\t\t\t\t                        <a href=\"#popup_3775233\"\n                           class=\"view-speaker ts-image-popup\" data-effect=\"mfp-zoom-in\">\n                            <i class=\"icon icon-plus\"><\/i>\n                        <\/a>\n                    <\/div>\n                    <div class=\"ts-speaker-info\">\n                        <h3 class=\"ts-title\">\n                            <a href=\"https:\/\/connectandact.be\/fr\/?post_type=ts-speaker&p=233\"> Luc de Brabandere <\/a>\n                        <\/h3>\n                        <p>\n\t\t\t\t\t\t\tPhilosophe d'entreprises                        <\/p>\n                    <\/div>\n                    <!--- speaker info end -->\n                    <!-- popup start-->\n                    <div id=\"popup_3775233\"\n                         class=\"container ts-speaker-popup mfp-hide\">\n                        <div class=\"row\">\n                            <div class=\"col-lg-6\">\n                                <div class=\"ts-speaker-popup-img\">\n\t\t\t\t\t\t\t\t\t                                        <img decoding=\"async\" src=\"\/\/connectandact.be\/wp-content\/uploads\/2018\/12\/Luc-De-Brabandere-1-1.png\"\n                                             alt=\"\">\n\t\t\t\t\t\t\t\t\t                                <\/div>\n                            <\/div>\n                            <!-- col end-->\n                            <div class=\"col-lg-6\">\n                                <div class=\"ts-speaker-popup-content\">\n                                    <h3 class=\"ts-title\"><a\n                                                href=\"https:\/\/connectandact.be\/fr\/?post_type=ts-speaker&p=233\"> Luc de Brabandere <\/a>\n                                    <\/h3>\n                                    <span class=\"speakder-designation\"> Philosophe d'entreprises<\/span>\n\t\t\t\t\t\t\t\t\t                                        <img decoding=\"async\" src=\"\"\n                                             alt=\"\">\n\t\t\t\t\t\t\t\t\t                                    <p>\n\t\t\t\t\t\t\t\t\t\t<p><span>Luc de Brabandere est ing\u00e9nieur civil en math\u00e9matiques appliqu\u00e9es (1971) et licenci\u00e9 en philosophie (2002) de l'Universit\u00e9 Catholique de Louvain. Sp\u00e9cialiste de la cr\u00e9ativit\u00e9, il est l'auteur d'une vingtaine de livres qui sont devenus une r\u00e9f\u00e9rence en la mati\u00e8re.<\/span><\/p><p><span><br \/>Senior Advisor et Fellow du Boston Consulting Group, il pratique la philosophie en entreprise et consacre une partie croissante de son temps \u00e0 l'enseignement, principalement \u00e0 la Louvain School of Management. <\/span><\/p>                                    <\/p>\n                                    <div class=\"ts-speakers-social\">\n\t\t\t\t\t\t\t\t\t\t\t\t\t\t\t\t\t\t\t\t\t                                                <a href=\"https:\/\/www.lucdebrabandere.com\/\"\n                                                   rel=\"noreferrer\" target=\"_blank\">\n                                                    <i class=\"fa fa-arrow-circle-o-right\"><\/i>\n                                                <\/a>\n\t\t\t\t\t\t\t\t\t\t\t\t\t\t\t\t\t\t\t\t\t                                    <\/div>\n                                <\/div>\n                                <!-- ts-speaker-popup-content end-->\n                            <\/div>\n                            <!-- col end-->\n                        <\/div>\n                        <!-- row end-->\n                    <\/div>\n                    <!-- popup end-->\n                <\/div>\n            <\/section>\n            <!-- ts-speaker end  -->\n\t\t\n\t\t\t\n\t\t\t\n\n\t\t\t\t\t\t<\/div>\n\t\t\t\t<\/div>\n\t\t\t\t\t<\/div>\n\t\t<\/div>\n\t\t\t\t<div class=\"elementor-column elementor-col-25 elementor-inner-column elementor-element elementor-element-4998\" data-id=\"4998\" data-element_type=\"column\">\n\t\t\t<div class=\"elementor-widget-wrap elementor-element-populated\">\n\t\t\t\t\t\t<div class=\"elementor-element elementor-element-377b elementor-widget elementor-widget-exhibz-speaker\" data-id=\"377b\" data-element_type=\"widget\" data-settings=\"{&quot;ekit_we_effect_on&quot;:&quot;none&quot;}\" data-widget_type=\"exhibz-speaker.default\">\n\t\t\t\t<div class=\"elementor-widget-container\">\n\t\t\t\t\t\t\t\t\n\n\t\t\t            <section class=\"ts-speakers-standard ts-speakers speaker-classic section-bg\">\n                <div class=\"ts-speaker\" style=\"--speaker-color: #25cd44\">\n                    <div class=\"speaker-img\">\n\t\t\t\t\t\t                            <img decoding=\"async\" src=\"\/\/connectandact.be\/wp-content\/uploads\/2018\/01\/Barbara-fruyt-Steunpunt-Brussel-1-1.png\"\n                                 alt=\"\">\n\t\t\t\t\t\t                        <a href=\"#popup_377b1958\"\n                           class=\"view-speaker ts-image-popup\" data-effect=\"mfp-zoom-in\">\n                            <i class=\"icon icon-plus\"><\/i>\n                        <\/a>\n                    <\/div>\n                    <div class=\"ts-speaker-info\">\n                        <h3 class=\"ts-title\">\n                            <a href=\"https:\/\/connectandact.be\/fr\/?post_type=ts-speaker&p=1958\"> Barbara Fruyt <\/a>\n                        <\/h3>\n                        <p>\n\t\t\t\t\t\t\tResponsable de l'\u00e9ducation et de la mise en r\u00e9seau, Steunpunt Vrijwilligerswerk Brussel                        <\/p>\n                    <\/div>\n                    <!--- speaker info end -->\n                    <!-- popup start-->\n                    <div id=\"popup_377b1958\"\n                         class=\"container ts-speaker-popup mfp-hide\">\n                        <div class=\"row\">\n                            <div class=\"col-lg-6\">\n                                <div class=\"ts-speaker-popup-img\">\n\t\t\t\t\t\t\t\t\t                                        <img decoding=\"async\" src=\"\/\/connectandact.be\/wp-content\/uploads\/2018\/01\/Barbara-fruyt-Steunpunt-Brussel-1-1.png\"\n                                             alt=\"\">\n\t\t\t\t\t\t\t\t\t                                <\/div>\n                            <\/div>\n                            <!-- col end-->\n                            <div class=\"col-lg-6\">\n                                <div class=\"ts-speaker-popup-content\">\n                                    <h3 class=\"ts-title\"><a\n                                                href=\"https:\/\/connectandact.be\/fr\/?post_type=ts-speaker&p=1958\"> Barbara Fruyt <\/a>\n                                    <\/h3>\n                                    <span class=\"speakder-designation\"> Responsable de l'\u00e9ducation et de la mise en r\u00e9seau, Steunpunt Vrijwilligerswerk Brussel<\/span>\n\t\t\t\t\t\t\t\t\t                                        <img decoding=\"async\" src=\"\/\/connectandact.be\/wp-content\/uploads\/2018\/01\/image-removebg-preview-47-1.png\"\n                                             alt=\"\">\n\t\t\t\t\t\t\t\t\t                                    <p>\n\t\t\t\t\t\t\t\t\t\t<p><span>Barbara est passionn\u00e9e par le b\u00e9n\u00e9volat et suit de pr\u00e8s l'\u00e9volution de la mati\u00e8re. Elle aide les organisations \u00e0 recruter et \u00e0 guider avec succ\u00e8s les b\u00e9n\u00e9voles. Elle se concentre sur les talents, le b\u00e9n\u00e9volat accessible et une politique de b\u00e9n\u00e9volat durable de A \u00e0 Z. Vous pouvez vous adresser \u00e0 elle pour obtenir des informations, des conseils et, surtout, beaucoup d'inspiration ! Elle est heureuse de partager ses exp\u00e9riences et ses connaissances.<\/span><\/p>                                    <\/p>\n                                    <div class=\"ts-speakers-social\">\n\t\t\t\t\t\t\t\t\t\t\t\t\t\t\t\t\t\t\t\t\t                                                <a href=\"https:\/\/www.kenniscentrumwwz.be\/steunpunt-vrijwilligerswerk-brussel\"\n                                                   rel=\"noreferrer\" target=\"_blank\">\n                                                    <i class=\"\"><\/i>\n                                                <\/a>\n\t\t\t\t\t\t\t\t\t\t\t\t\t\t\t\t\t\t\t\t\t                                    <\/div>\n                                <\/div>\n                                <!-- ts-speaker-popup-content end-->\n                            <\/div>\n                            <!-- col end-->\n                        <\/div>\n                        <!-- row end-->\n                    <\/div>\n                    <!-- popup end-->\n                <\/div>\n            <\/section>\n            <!-- ts-speaker end  -->\n\t\t\n\t\t\t\n\t\t\t\n\n\t\t\t\t\t\t<\/div>\n\t\t\t\t<\/div>\n\t\t\t\t\t<\/div>\n\t\t<\/div>\n\t\t\t\t<div class=\"elementor-column elementor-col-25 elementor-inner-column elementor-element elementor-element-35d6\" data-id=\"35d6\" data-element_type=\"column\">\n\t\t\t<div class=\"elementor-widget-wrap elementor-element-populated\">\n\t\t\t\t\t\t<div class=\"elementor-element elementor-element-55f1 elementor-widget elementor-widget-exhibz-speaker\" data-id=\"55f1\" data-element_type=\"widget\" data-settings=\"{&quot;ekit_we_effect_on&quot;:&quot;none&quot;}\" data-widget_type=\"exhibz-speaker.default\">\n\t\t\t\t<div class=\"elementor-widget-container\">\n\t\t\t\t\t\t\t\t\n\n\t\t\t            <section class=\"ts-speakers-standard ts-speakers speaker-classic section-bg\">\n                <div class=\"ts-speaker\" style=\"--speaker-color: #25cd44\">\n                    <div class=\"speaker-img\">\n\t\t\t\t\t\t                            <img decoding=\"async\" src=\"\/\/connectandact.be\/wp-content\/uploads\/2023\/11\/nofoto-1.jpg\"\n                                 alt=\"\">\n\t\t\t\t\t\t                        <a href=\"#popup_55f12155\"\n                           class=\"view-speaker ts-image-popup\" data-effect=\"mfp-zoom-in\">\n                            <i class=\"icon icon-plus\"><\/i>\n                        <\/a>\n                    <\/div>\n                    <div class=\"ts-speaker-info\">\n                        <h3 class=\"ts-title\">\n                            <a href=\"https:\/\/connectandact.be\/fr\/?post_type=ts-speaker&p=2155\"> Maarten De Veuster <\/a>\n                        <\/h3>\n                        <p>\n\t\t\t\t\t\t\tBourgmestre et D\u00e9put\u00e9 Flamand,  NVA                        <\/p>\n                    <\/div>\n                    <!--- speaker info end -->\n                    <!-- popup start-->\n                    <div id=\"popup_55f12155\"\n                         class=\"container ts-speaker-popup mfp-hide\">\n                        <div class=\"row\">\n                            <div class=\"col-lg-6\">\n                                <div class=\"ts-speaker-popup-img\">\n\t\t\t\t\t\t\t\t\t                                        <img decoding=\"async\" src=\"\/\/connectandact.be\/wp-content\/uploads\/2023\/11\/nofoto-1.jpg\"\n                                             alt=\"\">\n\t\t\t\t\t\t\t\t\t                                <\/div>\n                            <\/div>\n                            <!-- col end-->\n                            <div class=\"col-lg-6\">\n                                <div class=\"ts-speaker-popup-content\">\n                                    <h3 class=\"ts-title\"><a\n                                                href=\"https:\/\/connectandact.be\/fr\/?post_type=ts-speaker&p=2155\"> Maarten De Veuster <\/a>\n                                    <\/h3>\n                                    <span class=\"speakder-designation\"> Bourgmestre et D\u00e9put\u00e9 Flamand,  NVA<\/span>\n\t\t\t\t\t\t\t\t\t                                        <img decoding=\"async\" src=\"\/\/connectandact.be\/wp-content\/uploads\/2023\/11\/N-VA_logo.svg_-1.png\"\n                                             alt=\"\">\n\t\t\t\t\t\t\t\t\t                                    <p>\n\t\t\t\t\t\t\t\t\t\t<p><span>Maarten De Veuster, d\u00e9put\u00e9 flamand depuis mai 2019, s'engage sur des questions qui d\u00e9passent les fronti\u00e8res communales. Il souligne l'importance de l'\u00e9conomie locale et de l'emploi. La s\u00e9curit\u00e9, l'int\u00e9gration et la protection des normes et des valeurs dans les communes vertes sont \u00e9galement des questions centrales pour Maarten.<\/span><\/p>                                    <\/p>\n                                    <div class=\"ts-speakers-social\">\n\t\t\t\t\t\t\t\t\t\t\t\t\t\t\t\t\t\t\t\t\t                                                <a href=\"https:\/\/www.n-va.be\/\"\n                                                   rel=\"noreferrer\" target=\"_blank\">\n                                                    <i class=\"\"><\/i>\n                                                <\/a>\n\t\t\t\t\t\t\t\t\t\t\t\t\t\t\t\t\t\t\t\t\t                                    <\/div>\n                                <\/div>\n                                <!-- ts-speaker-popup-content end-->\n                            <\/div>\n                            <!-- col end-->\n                        <\/div>\n                        <!-- row end-->\n                    <\/div>\n                    <!-- popup end-->\n                <\/div>\n            <\/section>\n            <!-- ts-speaker end  -->\n\t\t\n\t\t\t\n\t\t\t\n\n\t\t\t\t\t\t<\/div>\n\t\t\t\t<\/div>\n\t\t\t\t\t<\/div>\n\t\t<\/div>\n\t\t\t\t\t<\/div>\n\t\t<\/section>\n\t\t\t\t<section class=\"elementor-section elementor-inner-section elementor-element elementor-element-5adc elementor-section-boxed elementor-section-height-default elementor-section-height-default\" data-id=\"5adc\" data-element_type=\"section\">\n\t\t\t\t\t\t<div class=\"elementor-container elementor-column-gap-default\">\n\t\t\t\t\t<div class=\"elementor-column elementor-col-25 elementor-inner-column elementor-element elementor-element-602d\" data-id=\"602d\" data-element_type=\"column\">\n\t\t\t<div class=\"elementor-widget-wrap elementor-element-populated\">\n\t\t\t\t\t\t<div class=\"elementor-element elementor-element-6744 elementor-widget elementor-widget-exhibz-speaker\" data-id=\"6744\" data-element_type=\"widget\" data-settings=\"{&quot;ekit_we_effect_on&quot;:&quot;none&quot;}\" data-widget_type=\"exhibz-speaker.default\">\n\t\t\t\t<div class=\"elementor-widget-container\">\n\t\t\t\t\t\t\t\t\n\n\t\t\t            <section class=\"ts-speakers-standard ts-speakers speaker-classic section-bg\">\n                <div class=\"ts-speaker\" style=\"--speaker-color: #25cd44\">\n                    <div class=\"speaker-img\">\n\t\t\t\t\t\t                            <img decoding=\"async\" src=\"\/\/connectandact.be\/wp-content\/uploads\/2023\/11\/received_232600819859784-scaled.jpeg\"\n                                 alt=\"\">\n\t\t\t\t\t\t                        <a href=\"#popup_67442158\"\n                           class=\"view-speaker ts-image-popup\" data-effect=\"mfp-zoom-in\">\n                            <i class=\"icon icon-plus\"><\/i>\n                        <\/a>\n                    <\/div>\n                    <div class=\"ts-speaker-info\">\n                        <h3 class=\"ts-title\">\n                            <a href=\"https:\/\/connectandact.be\/fr\/?post_type=ts-speaker&p=2158\"> Anja Vanrobaeys <\/a>\n                        <\/h3>\n                        <p>\n\t\t\t\t\t\t\tD\u00e9put\u00e9 f\u00e9d\u00e9ral, Vooruit                        <\/p>\n                    <\/div>\n                    <!--- speaker info end -->\n                    <!-- popup start-->\n                    <div id=\"popup_67442158\"\n                         class=\"container ts-speaker-popup mfp-hide\">\n                        <div class=\"row\">\n                            <div class=\"col-lg-6\">\n                                <div class=\"ts-speaker-popup-img\">\n\t\t\t\t\t\t\t\t\t                                        <img decoding=\"async\" src=\"\/\/connectandact.be\/wp-content\/uploads\/2023\/11\/received_232600819859784-scaled.jpeg\"\n                                             alt=\"\">\n\t\t\t\t\t\t\t\t\t                                <\/div>\n                            <\/div>\n                            <!-- col end-->\n                            <div class=\"col-lg-6\">\n                                <div class=\"ts-speaker-popup-content\">\n                                    <h3 class=\"ts-title\"><a\n                                                href=\"https:\/\/connectandact.be\/fr\/?post_type=ts-speaker&p=2158\"> Anja Vanrobaeys <\/a>\n                                    <\/h3>\n                                    <span class=\"speakder-designation\"> D\u00e9put\u00e9 f\u00e9d\u00e9ral, Vooruit<\/span>\n\t\t\t\t\t\t\t\t\t                                        <img decoding=\"async\" src=\"\/\/connectandact.be\/wp-content\/uploads\/2023\/11\/Vooruit_combi_Vivid-Red-1.png\"\n                                             alt=\"\">\n\t\t\t\t\t\t\t\t\t                                    <p>\n\t\t\t\t\t\t\t\t\t\t<p><span>Anja Vanrobaeys est une militante de terrain inspir\u00e9e qui s'est engag\u00e9e \u00e0 long terme contre les in\u00e9galit\u00e9s sociales. Son parcours politique a commenc\u00e9 en tant que d\u00e9l\u00e9gu\u00e9e syndicale et b\u00e9n\u00e9vole, anim\u00e9e par la conviction que le changement est possible.<\/span><\/p>                                    <\/p>\n                                    <div class=\"ts-speakers-social\">\n\t\t\t\t\t\t\t\t\t\t\t\t\t\t\t\t\t\t\t\t\t                                                <a href=\"https:\/\/www.vooruit.org\"\n                                                   rel=\"noreferrer\" target=\"_blank\">\n                                                    <i class=\"\"><\/i>\n                                                <\/a>\n\t\t\t\t\t\t\t\t\t\t\t\t\t\t\t\t\t\t\t\t\t                                    <\/div>\n                                <\/div>\n                                <!-- ts-speaker-popup-content end-->\n                            <\/div>\n                            <!-- col end-->\n                        <\/div>\n                        <!-- row end-->\n                    <\/div>\n                    <!-- popup end-->\n                <\/div>\n            <\/section>\n            <!-- ts-speaker end  -->\n\t\t\n\t\t\t\n\t\t\t\n\n\t\t\t\t\t\t<\/div>\n\t\t\t\t<\/div>\n\t\t\t\t\t<\/div>\n\t\t<\/div>\n\t\t\t\t<div class=\"elementor-column elementor-col-25 elementor-inner-column elementor-element elementor-element-1af3\" data-id=\"1af3\" data-element_type=\"column\">\n\t\t\t<div class=\"elementor-widget-wrap elementor-element-populated\">\n\t\t\t\t\t\t<div class=\"elementor-element elementor-element-5962 elementor-widget elementor-widget-exhibz-speaker\" data-id=\"5962\" data-element_type=\"widget\" data-settings=\"{&quot;ekit_we_effect_on&quot;:&quot;none&quot;}\" data-widget_type=\"exhibz-speaker.default\">\n\t\t\t\t<div class=\"elementor-widget-container\">\n\t\t\t\t\t\t\t\t\n\n\t\t\t            <section class=\"ts-speakers-standard ts-speakers speaker-classic section-bg\">\n                <div class=\"ts-speaker\" style=\"--speaker-color: #25cd44\">\n                    <div class=\"speaker-img\">\n\t\t\t\t\t\t                            <img decoding=\"async\" src=\"\/\/connectandact.be\/wp-content\/uploads\/2023\/11\/Leonie-Boon-ZorgLab-Aalst.png\"\n                                 alt=\"\">\n\t\t\t\t\t\t                        <a href=\"#popup_59622168\"\n                           class=\"view-speaker ts-image-popup\" data-effect=\"mfp-zoom-in\">\n                            <i class=\"icon icon-plus\"><\/i>\n                        <\/a>\n                    <\/div>\n                    <div class=\"ts-speaker-info\">\n                        <h3 class=\"ts-title\">\n                            <a href=\"https:\/\/connectandact.be\/fr\/?post_type=ts-speaker&p=2168\"> Leonie Boon <\/a>\n                        <\/h3>\n                        <p>\n\t\t\t\t\t\t\tConseiller d'entreprise et charg\u00e9 de projet, ZorgLab Aalst                        <\/p>\n                    <\/div>\n                    <!--- speaker info end -->\n                    <!-- popup start-->\n                    <div id=\"popup_59622168\"\n                         class=\"container ts-speaker-popup mfp-hide\">\n                        <div class=\"row\">\n                            <div class=\"col-lg-6\">\n                                <div class=\"ts-speaker-popup-img\">\n\t\t\t\t\t\t\t\t\t                                        <img decoding=\"async\" src=\"\/\/connectandact.be\/wp-content\/uploads\/2023\/11\/Leonie-Boon-ZorgLab-Aalst.png\"\n                                             alt=\"\">\n\t\t\t\t\t\t\t\t\t                                <\/div>\n                            <\/div>\n                            <!-- col end-->\n                            <div class=\"col-lg-6\">\n                                <div class=\"ts-speaker-popup-content\">\n                                    <h3 class=\"ts-title\"><a\n                                                href=\"https:\/\/connectandact.be\/fr\/?post_type=ts-speaker&p=2168\"> Leonie Boon <\/a>\n                                    <\/h3>\n                                    <span class=\"speakder-designation\"> Conseiller d'entreprise et charg\u00e9 de projet, ZorgLab Aalst<\/span>\n\t\t\t\t\t\t\t\t\t                                        <img decoding=\"async\" src=\"\/\/connectandact.be\/wp-content\/uploads\/2023\/11\/image-removebg-preview-48-1.png\"\n                                             alt=\"\">\n\t\t\t\t\t\t\t\t\t                                    <p>\n\t\t\t\t\t\t\t\t\t\t<p><span>En tant que conseill\u00e8re commerciale et responsable de projet au ZorgLab Aalst, Leonie participe activement au d\u00e9veloppement et \u00e0 l'exp\u00e9rimentation de solutions innovantes sur des th\u00e8mes tels que la ville amie des a\u00een\u00e9s et la vie autonome tout au long de la vie.<\/span><\/p><p>Sa collaboration avec divers partenaires issus de diff\u00e9rents secteurs contribue \u00e0 la mission du ZorgLab Aalst, qui consiste \u00e0 trouver des solutions pratiques et efficaces aux besoins et d\u00e9fis r\u00e9els des citoyens dans le secteur des soins.<\/p>                                    <\/p>\n                                    <div class=\"ts-speakers-social\">\n\t\t\t\t\t\t\t\t\t\t\t\t\t\t\t\t\t\t\t\t\t                                                <a href=\"https:\/\/www.aalst.be\/zorglab-aalst\"\n                                                   rel=\"noreferrer\" target=\"_blank\">\n                                                    <i class=\"\"><\/i>\n                                                <\/a>\n\t\t\t\t\t\t\t\t\t\t\t\t\t\t\t\t\t\t\t\t\t                                    <\/div>\n                                <\/div>\n                                <!-- ts-speaker-popup-content end-->\n                            <\/div>\n                            <!-- col end-->\n                        <\/div>\n                        <!-- row end-->\n                    <\/div>\n                    <!-- popup end-->\n                <\/div>\n            <\/section>\n            <!-- ts-speaker end  -->\n\t\t\n\t\t\t\n\t\t\t\n\n\t\t\t\t\t\t<\/div>\n\t\t\t\t<\/div>\n\t\t\t\t\t<\/div>\n\t\t<\/div>\n\t\t\t\t<div class=\"elementor-column elementor-col-25 elementor-inner-column elementor-element elementor-element-5229\" data-id=\"5229\" data-element_type=\"column\">\n\t\t\t<div class=\"elementor-widget-wrap elementor-element-populated\">\n\t\t\t\t\t\t<div class=\"elementor-element elementor-element-33b0 elementor-widget elementor-widget-exhibz-speaker\" data-id=\"33b0\" data-element_type=\"widget\" data-settings=\"{&quot;ekit_we_effect_on&quot;:&quot;none&quot;}\" data-widget_type=\"exhibz-speaker.default\">\n\t\t\t\t<div class=\"elementor-widget-container\">\n\t\t\t\t\t\t\t\t\n\n\t\t\t            <section class=\"ts-speakers-standard ts-speakers speaker-classic section-bg\">\n                <div class=\"ts-speaker\" style=\"--speaker-color: #25cd44\">\n                    <div class=\"speaker-img\">\n\t\t\t\t\t\t                            <img decoding=\"async\" src=\"\/\/connectandact.be\/wp-content\/uploads\/2023\/11\/Lydia-Heyligen-Hasselt-1.png\"\n                                 alt=\"\">\n\t\t\t\t\t\t                        <a href=\"#popup_33b02216\"\n                           class=\"view-speaker ts-image-popup\" data-effect=\"mfp-zoom-in\">\n                            <i class=\"icon icon-plus\"><\/i>\n                        <\/a>\n                    <\/div>\n                    <div class=\"ts-speaker-info\">\n                        <h3 class=\"ts-title\">\n                            <a href=\"https:\/\/connectandact.be\/fr\/?post_type=ts-speaker&p=2216\"> Lydia Heyligen <\/a>\n                        <\/h3>\n                        <p>\n\t\t\t\t\t\t\tCoordinatrice du volontariat, Hasselt                        <\/p>\n                    <\/div>\n                    <!--- speaker info end -->\n                    <!-- popup start-->\n                    <div id=\"popup_33b02216\"\n                         class=\"container ts-speaker-popup mfp-hide\">\n                        <div class=\"row\">\n                            <div class=\"col-lg-6\">\n                                <div class=\"ts-speaker-popup-img\">\n\t\t\t\t\t\t\t\t\t                                        <img decoding=\"async\" src=\"\/\/connectandact.be\/wp-content\/uploads\/2023\/11\/Lydia-Heyligen-Hasselt-1.png\"\n                                             alt=\"\">\n\t\t\t\t\t\t\t\t\t                                <\/div>\n                            <\/div>\n                            <!-- col end-->\n                            <div class=\"col-lg-6\">\n                                <div class=\"ts-speaker-popup-content\">\n                                    <h3 class=\"ts-title\"><a\n                                                href=\"https:\/\/connectandact.be\/fr\/?post_type=ts-speaker&p=2216\"> Lydia Heyligen <\/a>\n                                    <\/h3>\n                                    <span class=\"speakder-designation\"> Coordinatrice du volontariat, Hasselt<\/span>\n\t\t\t\t\t\t\t\t\t                                        <img decoding=\"async\" src=\"\/\/connectandact.be\/wp-content\/uploads\/2023\/11\/hasselt-heeft-het-logo-zwart-1.png\"\n                                             alt=\"\">\n\t\t\t\t\t\t\t\t\t                                    <p>\n\t\t\t\t\t\t\t\t\t\t<p><span>Gr\u00e2ce \u00e0 sa connaissance approfondie des besoins de la ville de Hasselt, des associations et des b\u00e9n\u00e9voles, Lydia joue un r\u00f4le central dans l'\u00e9laboration et la mise en \u0153uvre d'une politique de b\u00e9n\u00e9volat coordonn\u00e9e, tant au niveau interne qu'externe. <\/span><\/p>                                    <\/p>\n                                    <div class=\"ts-speakers-social\">\n\t\t\t\t\t\t\t\t\t\t\t\t\t\t\t\t\t\t\t\t\t                                                <a href=\"https:\/\/www.hasselt.be\/nl\/hasselthelp\"\n                                                   rel=\"noreferrer\" target=\"_blank\">\n                                                    <i class=\"fa fa-arrow-circle-right\"><\/i>\n                                                <\/a>\n\t\t\t\t\t\t\t\t\t\t\t\t\t\t\t\t\t\t\t\t\t                                    <\/div>\n                                <\/div>\n                                <!-- ts-speaker-popup-content end-->\n                            <\/div>\n                            <!-- col end-->\n                        <\/div>\n                        <!-- row end-->\n                    <\/div>\n                    <!-- popup end-->\n                <\/div>\n            <\/section>\n            <!-- ts-speaker end  -->\n\t\t\n\t\t\t\n\t\t\t\n\n\t\t\t\t\t\t<\/div>\n\t\t\t\t<\/div>\n\t\t\t\t\t<\/div>\n\t\t<\/div>\n\t\t\t\t<div class=\"elementor-column elementor-col-25 elementor-inner-column elementor-element elementor-element-734f\" data-id=\"734f\" data-element_type=\"column\">\n\t\t\t<div class=\"elementor-widget-wrap elementor-element-populated\">\n\t\t\t\t\t\t<div class=\"elementor-element elementor-element-29ae elementor-widget elementor-widget-exhibz-speaker\" data-id=\"29ae\" data-element_type=\"widget\" data-settings=\"{&quot;ekit_we_effect_on&quot;:&quot;none&quot;}\" data-widget_type=\"exhibz-speaker.default\">\n\t\t\t\t<div class=\"elementor-widget-container\">\n\t\t\t\t\t\t\t\t\n\n\t\t\t            <section class=\"ts-speakers-standard ts-speakers speaker-classic section-bg\">\n                <div class=\"ts-speaker\" style=\"--speaker-color: #25cd44\">\n                    <div class=\"speaker-img\">\n\t\t\t\t\t\t                            <img decoding=\"async\" src=\"\/\/connectandact.be\/wp-content\/uploads\/2023\/11\/Arthur-Guiot-upthrust-min.jpg\"\n                                 alt=\"\">\n\t\t\t\t\t\t                        <a href=\"#popup_29ae2225\"\n                           class=\"view-speaker ts-image-popup\" data-effect=\"mfp-zoom-in\">\n                            <i class=\"icon icon-plus\"><\/i>\n                        <\/a>\n                    <\/div>\n                    <div class=\"ts-speaker-info\">\n                        <h3 class=\"ts-title\">\n                            <a href=\"https:\/\/connectandact.be\/fr\/?post_type=ts-speaker&p=2225\"> Arthur Guiot <\/a>\n                        <\/h3>\n                        <p>\n\t\t\t\t\t\t\tAI Marketing Expert, Upthrust                        <\/p>\n                    <\/div>\n                    <!--- speaker info end -->\n                    <!-- popup start-->\n                    <div id=\"popup_29ae2225\"\n                         class=\"container ts-speaker-popup mfp-hide\">\n                        <div class=\"row\">\n                            <div class=\"col-lg-6\">\n                                <div class=\"ts-speaker-popup-img\">\n\t\t\t\t\t\t\t\t\t                                        <img decoding=\"async\" src=\"\/\/connectandact.be\/wp-content\/uploads\/2023\/11\/Arthur-Guiot-upthrust-min.jpg\"\n                                             alt=\"\">\n\t\t\t\t\t\t\t\t\t                                <\/div>\n                            <\/div>\n                            <!-- col end-->\n                            <div class=\"col-lg-6\">\n                                <div class=\"ts-speaker-popup-content\">\n                                    <h3 class=\"ts-title\"><a\n                                                href=\"https:\/\/connectandact.be\/fr\/?post_type=ts-speaker&p=2225\"> Arthur Guiot <\/a>\n                                    <\/h3>\n                                    <span class=\"speakder-designation\"> AI Marketing Expert, Upthrust<\/span>\n\t\t\t\t\t\t\t\t\t                                        <img decoding=\"async\" src=\"\/\/connectandact.be\/wp-content\/uploads\/2023\/11\/upthrust-1.png\"\n                                             alt=\"\">\n\t\t\t\t\t\t\t\t\t                                    <p>\n\t\t\t\t\t\t\t\t\t\t<p><span>Arthur Guiot, sp\u00e9cialiste en Growth Marketing, utilise l'IA pour r\u00e9volutioniser le d\u00e9partement marketing des grandes soci\u00e9t\u00e9s.<\/span><\/p><p>Passionn\u00e9 par la technologie et son impact soci\u00e9tal, il s'engage \u00e0 fournir pendant cette conf\u00e9rence des outils et conseils puissants et accessibles au sector des ASBLs, permettant aux associations de prosp\u00e9rer m\u00eame avec des budgets restreints. Sa vision est de rendre l'innovation IA facilement exploitable.<\/p><p>Profiter de l\u2019IA pour stimuler votre croissance et maximiser votre impact.<\/p>                                    <\/p>\n                                    <div class=\"ts-speakers-social\">\n\t\t\t\t\t\t\t\t\t\t\t\t\t\t\t\t\t\t\t\t\t                                                <a href=\"https:\/\/upthrust.eu\"\n                                                   rel=\"noreferrer\" target=\"_blank\">\n                                                    <i class=\"\"><\/i>\n                                                <\/a>\n\t\t\t\t\t\t\t\t\t\t\t\t\t\t\t\t\t\t\t\t\t                                    <\/div>\n                                <\/div>\n                                <!-- ts-speaker-popup-content end-->\n                            <\/div>\n                            <!-- col end-->\n                        <\/div>\n                        <!-- row end-->\n                    <\/div>\n                    <!-- popup end-->\n                <\/div>\n            <\/section>\n            <!-- ts-speaker end  -->\n\t\t\n\t\t\t\n\t\t\t\n\n\t\t\t\t\t\t<\/div>\n\t\t\t\t<\/div>\n\t\t\t\t\t<\/div>\n\t\t<\/div>\n\t\t\t\t\t<\/div>\n\t\t<\/section>\n\t\t\t\t\t<\/div>\n\t\t<\/div>\n\t\t\t\t\t<\/div>\n\t\t<\/section>\n\t\t\t\t<section class=\"elementor-section elementor-top-section elementor-element elementor-element-4086 elementor-section-boxed elementor-section-height-default elementor-section-height-default\" data-id=\"4086\" data-element_type=\"section\" data-settings=\"{&quot;background_background&quot;:&quot;classic&quot;}\">\n\t\t\t\t\t\t\t<div class=\"elementor-background-overlay\"><\/div>\n\t\t\t\t\t\t\t<div class=\"elementor-container elementor-column-gap-default\">\n\t\t\t\t\t<div class=\"elementor-column elementor-col-100 elementor-top-column elementor-element elementor-element-1d61\" data-id=\"1d61\" data-element_type=\"column\">\n\t\t\t<div class=\"elementor-widget-wrap elementor-element-populated\">\n\t\t\t\t\t\t<div class=\"elementor-element elementor-element-756b elementor-widget elementor-widget-exhibz-title\" data-id=\"756b\" data-element_type=\"widget\" data-settings=\"{&quot;ekit_we_effect_on&quot;:&quot;none&quot;}\" data-widget_type=\"exhibz-title.default\">\n\t\t\t\t<div class=\"elementor-widget-container\">\n\t\t\t\t\t\n    <div class=\"title-section-area\">\n        <h2 class=\"section-title\">\n            <span class=\"sub-title\">HURRY UP!<\/span>\n\t\t\tBook your Seat        <\/h2>\n\t\t                    <span class=\"title-shape\">\n                  <svg xmlns='http:\/\/www.w3.org\/2000\/svg' xmlns:xlink='http:\/\/www.w3.org\/1999\/xlink' width='71px' height='11px'> <path fill-rule='evenodd' d='M59.669,10.710 L49.164,3.306 L39.428,10.681 L29.714,3.322 L20.006,10.682 L10.295,3.322 L1.185,10.228 L-0.010,8.578 L10.295,0.765 L20.006,8.125 L29.714,0.765 L39.428,8.125 L49.122,0.781 L59.680,8.223 L69.858,1.192 L70.982,2.895 L59.669,10.710 Z'\/><\/svg>\n            <\/span>\n                    <\/div><!-- Section title -->\n    \n    \n\n    \t\t\t\t<\/div>\n\t\t\t\t<\/div>\n\t\t\t\t<div class=\"elementor-element elementor-element-48c8 elementor-align-center elementor-widget elementor-widget-button\" data-id=\"48c8\" data-element_type=\"widget\" data-settings=\"{&quot;ekit_we_effect_on&quot;:&quot;none&quot;}\" data-widget_type=\"button.default\">\n\t\t\t\t<div class=\"elementor-widget-container\">\n\t\t\t\t\t\t\t\t\t<div class=\"elementor-button-wrapper\">\n\t\t\t\t\t<a class=\"elementor-button elementor-button-link elementor-size-md\" href=\"#\">\n\t\t\t\t\t\t<span class=\"elementor-button-content-wrapper\">\n\t\t\t\t\t\t\t\t\t<span class=\"elementor-button-text\">Buy Ticket<\/span>\n\t\t\t\t\t<\/span>\n\t\t\t\t\t<\/a>\n\t\t\t\t<\/div>\n\t\t\t\t\t\t\t\t<\/div>\n\t\t\t\t<\/div>\n\t\t\t\t\t<\/div>\n\t\t<\/div>\n\t\t\t\t\t<\/div>\n\t\t<\/section>\n\t\t\t\t<section class=\"elementor-section elementor-top-section elementor-element elementor-element-3032 ts-newsletter elementor-section-boxed elementor-section-height-default elementor-section-height-default\" data-id=\"3032\" data-element_type=\"section\">\n\t\t\t\t\t\t<div class=\"elementor-container elementor-column-gap-default\">\n\t\t\t\t\t<div class=\"elementor-column elementor-col-100 elementor-top-column elementor-element elementor-element-103d\" data-id=\"103d\" data-element_type=\"column\" data-settings=\"{&quot;background_background&quot;:&quot;classic&quot;}\">\n\t\t\t<div class=\"elementor-widget-wrap elementor-element-populated\">\n\t\t\t\t\t<div class=\"elementor-background-overlay\"><\/div>\n\t\t\t\t\t\t<div class=\"elementor-element elementor-element-3fa6 elementor-widget elementor-widget-heading\" data-id=\"3fa6\" data-element_type=\"widget\" data-settings=\"{&quot;ekit_we_effect_on&quot;:&quot;none&quot;}\" data-widget_type=\"heading.default\">\n\t\t\t\t<div class=\"elementor-widget-container\">\n\t\t\t\t\t<h2 class=\"elementor-heading-title elementor-size-default\">SUBSCRIBE TO NEWSLETTER<\/h2>\t\t\t\t<\/div>\n\t\t\t\t<\/div>\n\t\t\t\t<div class=\"elementor-element elementor-element-bb03f68 elementor-widget elementor-widget-heading\" data-id=\"bb03f68\" data-element_type=\"widget\" data-settings=\"{&quot;ekit_we_effect_on&quot;:&quot;none&quot;}\" data-widget_type=\"heading.default\">\n\t\t\t\t<div class=\"elementor-widget-container\">\n\t\t\t\t\t<h2 class=\"elementor-heading-title elementor-size-default\">Want Something Extra?<\/h2>\t\t\t\t<\/div>\n\t\t\t\t<\/div>\n\t\t\t\t<div class=\"elementor-element elementor-element-ce15c40 elementor-widget elementor-widget-shortcode\" data-id=\"ce15c40\" data-element_type=\"widget\" data-settings=\"{&quot;ekit_we_effect_on&quot;:&quot;none&quot;}\" data-widget_type=\"shortcode.default\">\n\t\t\t\t<div class=\"elementor-widget-container\">\n\t\t\t\t\t\t\t<div class=\"elementor-shortcode\">[mc4wp_form id=\"415\"]<\/div>\n\t\t\t\t\t\t<\/div>\n\t\t\t\t<\/div>\n\t\t\t\t\t<\/div>\n\t\t<\/div>\n\t\t\t\t\t<\/div>\n\t\t<\/section>\n\t\t\t\t<\/div>","protected":false},"excerpt":{"rendered":"<p>LISTEN TO THE Keynote Speakers Bart Wolput Algemeen directeur, Give a Day Bart Wolput Algemeen directeur, Give a Day PhD in Burgerlijk ingenieurswetenschappen met expertise in Social Smart Cities, docent Modern Vrijwilligerswerk &amp; burenhulp, founder Give a Day VZW &amp; CV SO. Als Chief of Change zet hij de strategie uit, stuurt hij het team [&hellip;]<\/p>","protected":false},"author":1,"featured_media":0,"parent":0,"menu_order":0,"comment_status":"closed","ping_status":"closed","template":"template\/full-width-template.php","meta":{"footnotes":""},"class_list":["post-1289","page","type-page","status-publish","hentry"],"yoast_head":"<!-- This site is optimized with the Yoast SEO plugin v26.7 - https:\/\/yoast.com\/wordpress\/plugins\/seo\/ -->\n<title>Speakers Style I - Connect and Act<\/title>\n<meta name=\"robots\" content=\"index, follow, max-snippet:-1, max-image-preview:large, max-video-preview:-1\" \/>\n<link rel=\"canonical\" href=\"https:\/\/connectandact.be\/fr\/speakers-i\/\" \/>\n<meta property=\"og:locale\" content=\"fr_FR\" \/>\n<meta property=\"og:type\" content=\"article\" \/>\n<meta property=\"og:title\" content=\"Speakers Style I - Connect and Act\" \/>\n<meta property=\"og:description\" content=\"LISTEN TO THE Keynote Speakers Bart Wolput Algemeen directeur, Give a Day Bart Wolput Algemeen directeur, Give a Day PhD in Burgerlijk ingenieurswetenschappen met expertise in Social Smart Cities, docent Modern Vrijwilligerswerk &amp; burenhulp, founder Give a Day VZW &amp; CV SO. Als Chief of Change zet hij de strategie uit, stuurt hij het team [&hellip;]\" \/>\n<meta property=\"og:url\" content=\"https:\/\/connectandact.be\/fr\/speakers-i\/\" \/>\n<meta property=\"og:site_name\" content=\"Connect and Act\" \/>\n<meta property=\"og:image\" content=\"http:\/\/connectandact.be\/wp-content\/uploads\/2023\/11\/bart-wolput-1-1.png\" \/>\n<meta name=\"twitter:card\" content=\"summary_large_image\" \/>\n<meta name=\"twitter:label1\" content=\"Dur\u00e9e de lecture est.\" \/>\n\t<meta name=\"twitter:data1\" content=\"3 minutes\" \/>\n<script type=\"application\/ld+json\" class=\"yoast-schema-graph\">{\"@context\":\"https:\/\/schema.org\",\"@graph\":[{\"@type\":\"WebPage\",\"@id\":\"https:\/\/connectandact.be\/speakers-i\/\",\"url\":\"https:\/\/connectandact.be\/speakers-i\/\",\"name\":\"Speakers Style I - Connect and Act\",\"isPartOf\":{\"@id\":\"https:\/\/connectandact.be\/#website\"},\"primaryImageOfPage\":{\"@id\":\"https:\/\/connectandact.be\/speakers-i\/#primaryimage\"},\"image\":{\"@id\":\"https:\/\/connectandact.be\/speakers-i\/#primaryimage\"},\"thumbnailUrl\":\"http:\/\/connectandact.be\/wp-content\/uploads\/2023\/11\/bart-wolput-1-1.png\",\"datePublished\":\"2019-01-08T10:58:32+00:00\",\"breadcrumb\":{\"@id\":\"https:\/\/connectandact.be\/speakers-i\/#breadcrumb\"},\"inLanguage\":\"fr-BE\",\"potentialAction\":[{\"@type\":\"ReadAction\",\"target\":[\"https:\/\/connectandact.be\/speakers-i\/\"]}]},{\"@type\":\"ImageObject\",\"inLanguage\":\"fr-BE\",\"@id\":\"https:\/\/connectandact.be\/speakers-i\/#primaryimage\",\"url\":\"http:\/\/connectandact.be\/wp-content\/uploads\/2023\/11\/bart-wolput-1-1.png\",\"contentUrl\":\"http:\/\/connectandact.be\/wp-content\/uploads\/2023\/11\/bart-wolput-1-1.png\"},{\"@type\":\"BreadcrumbList\",\"@id\":\"https:\/\/connectandact.be\/speakers-i\/#breadcrumb\",\"itemListElement\":[{\"@type\":\"ListItem\",\"position\":1,\"name\":\"Home\",\"item\":\"https:\/\/connectandact.be\/\"},{\"@type\":\"ListItem\",\"position\":2,\"name\":\"Speakers Style I\"}]},{\"@type\":\"WebSite\",\"@id\":\"https:\/\/connectandact.be\/#website\",\"url\":\"https:\/\/connectandact.be\/\",\"name\":\"Connect and Act\",\"description\":\"Nationaal congres vrijwilligerswerk en burenhulp\",\"publisher\":{\"@id\":\"https:\/\/connectandact.be\/#organization\"},\"potentialAction\":[{\"@type\":\"SearchAction\",\"target\":{\"@type\":\"EntryPoint\",\"urlTemplate\":\"https:\/\/connectandact.be\/?s={search_term_string}\"},\"query-input\":{\"@type\":\"PropertyValueSpecification\",\"valueRequired\":true,\"valueName\":\"search_term_string\"}}],\"inLanguage\":\"fr-BE\"},{\"@type\":\"Organization\",\"@id\":\"https:\/\/connectandact.be\/#organization\",\"name\":\"Connect and Act\",\"url\":\"https:\/\/connectandact.be\/\",\"logo\":{\"@type\":\"ImageObject\",\"inLanguage\":\"fr-BE\",\"@id\":\"https:\/\/connectandact.be\/#\/schema\/logo\/image\/\",\"url\":\"https:\/\/connectandact.be\/wp-content\/uploads\/2024\/10\/Connect-and-Act-1599-x-500-px.png\",\"contentUrl\":\"https:\/\/connectandact.be\/wp-content\/uploads\/2024\/10\/Connect-and-Act-1599-x-500-px.png\",\"width\":1599,\"height\":500,\"caption\":\"Connect and Act\"},\"image\":{\"@id\":\"https:\/\/connectandact.be\/#\/schema\/logo\/image\/\"}}]}<\/script>\n<!-- \/ Yoast SEO plugin. -->","yoast_head_json":{"title":"Speakers Style I - Connect and Act","robots":{"index":"index","follow":"follow","max-snippet":"max-snippet:-1","max-image-preview":"max-image-preview:large","max-video-preview":"max-video-preview:-1"},"canonical":"https:\/\/connectandact.be\/fr\/speakers-i\/","og_locale":"fr_FR","og_type":"article","og_title":"Speakers Style I - Connect and Act","og_description":"LISTEN TO THE Keynote Speakers Bart Wolput Algemeen directeur, Give a Day Bart Wolput Algemeen directeur, Give a Day PhD in Burgerlijk ingenieurswetenschappen met expertise in Social Smart Cities, docent Modern Vrijwilligerswerk &amp; burenhulp, founder Give a Day VZW &amp; CV SO. Als Chief of Change zet hij de strategie uit, stuurt hij het team [&hellip;]","og_url":"https:\/\/connectandact.be\/fr\/speakers-i\/","og_site_name":"Connect and Act","og_image":[{"url":"http:\/\/connectandact.be\/wp-content\/uploads\/2023\/11\/bart-wolput-1-1.png","type":"","width":"","height":""}],"twitter_card":"summary_large_image","twitter_misc":{"Dur\u00e9e de lecture est.":"3 minutes"},"schema":{"@context":"https:\/\/schema.org","@graph":[{"@type":"WebPage","@id":"https:\/\/connectandact.be\/speakers-i\/","url":"https:\/\/connectandact.be\/speakers-i\/","name":"Speakers Style I - Connect and Act","isPartOf":{"@id":"https:\/\/connectandact.be\/#website"},"primaryImageOfPage":{"@id":"https:\/\/connectandact.be\/speakers-i\/#primaryimage"},"image":{"@id":"https:\/\/connectandact.be\/speakers-i\/#primaryimage"},"thumbnailUrl":"http:\/\/connectandact.be\/wp-content\/uploads\/2023\/11\/bart-wolput-1-1.png","datePublished":"2019-01-08T10:58:32+00:00","breadcrumb":{"@id":"https:\/\/connectandact.be\/speakers-i\/#breadcrumb"},"inLanguage":"fr-BE","potentialAction":[{"@type":"ReadAction","target":["https:\/\/connectandact.be\/speakers-i\/"]}]},{"@type":"ImageObject","inLanguage":"fr-BE","@id":"https:\/\/connectandact.be\/speakers-i\/#primaryimage","url":"http:\/\/connectandact.be\/wp-content\/uploads\/2023\/11\/bart-wolput-1-1.png","contentUrl":"http:\/\/connectandact.be\/wp-content\/uploads\/2023\/11\/bart-wolput-1-1.png"},{"@type":"BreadcrumbList","@id":"https:\/\/connectandact.be\/speakers-i\/#breadcrumb","itemListElement":[{"@type":"ListItem","position":1,"name":"Home","item":"https:\/\/connectandact.be\/"},{"@type":"ListItem","position":2,"name":"Speakers Style I"}]},{"@type":"WebSite","@id":"https:\/\/connectandact.be\/#website","url":"https:\/\/connectandact.be\/","name":"Connect and Act logo","description":"Nationaal congres vrijwilligerswerk en burenhulp","publisher":{"@id":"https:\/\/connectandact.be\/#organization"},"potentialAction":[{"@type":"SearchAction","target":{"@type":"EntryPoint","urlTemplate":"https:\/\/connectandact.be\/?s={search_term_string}"},"query-input":{"@type":"PropertyValueSpecification","valueRequired":true,"valueName":"search_term_string"}}],"inLanguage":"fr-BE"},{"@type":"Organization","@id":"https:\/\/connectandact.be\/#organization","name":"Connect and Act logo","url":"https:\/\/connectandact.be\/","logo":{"@type":"ImageObject","inLanguage":"fr-BE","@id":"https:\/\/connectandact.be\/#\/schema\/logo\/image\/","url":"https:\/\/connectandact.be\/wp-content\/uploads\/2024\/10\/Connect-and-Act-1599-x-500-px.png","contentUrl":"https:\/\/connectandact.be\/wp-content\/uploads\/2024\/10\/Connect-and-Act-1599-x-500-px.png","width":1599,"height":500,"caption":"Connect and Act"},"image":{"@id":"https:\/\/connectandact.be\/#\/schema\/logo\/image\/"}}]}},"_links":{"self":[{"href":"https:\/\/connectandact.be\/fr\/wp-json\/wp\/v2\/pages\/1289","targetHints":{"allow":["GET"]}}],"collection":[{"href":"https:\/\/connectandact.be\/fr\/wp-json\/wp\/v2\/pages"}],"about":[{"href":"https:\/\/connectandact.be\/fr\/wp-json\/wp\/v2\/types\/page"}],"author":[{"embeddable":true,"href":"https:\/\/connectandact.be\/fr\/wp-json\/wp\/v2\/users\/1"}],"replies":[{"embeddable":true,"href":"https:\/\/connectandact.be\/fr\/wp-json\/wp\/v2\/comments?post=1289"}],"version-history":[{"count":0,"href":"https:\/\/connectandact.be\/fr\/wp-json\/wp\/v2\/pages\/1289\/revisions"}],"wp:attachment":[{"href":"https:\/\/connectandact.be\/fr\/wp-json\/wp\/v2\/media?parent=1289"}],"curies":[{"name":"wp","href":"https:\/\/api.w.org\/{rel}","templated":true}]}}